{"id":1445,"date":"2018-03-16T19:22:27","date_gmt":"2018-03-16T18:22:27","guid":{"rendered":"https:\/\/www.strauch-lu.de\/?post_type=portfolio&#038;p=1445"},"modified":"2023-03-17T09:40:28","modified_gmt":"2023-03-17T08:40:28","slug":"eichenprozessionsspinner","status":"publish","type":"portfolio","link":"https:\/\/www.strauch-lu.de\/kommunal\/portfolio\/eichenprozessionsspinner\/","title":{"rendered":"Bek\u00e4mpfung von Eichenprozessionsspinner"},"content":{"rendered":"<div id=\"pl-1445\"  class=\"panel-layout\" ><div id=\"pg-1445-0\"  class=\"panel-grid panel-has-style\" ><div class=\"panel-row-style panel-row-style-for-1445-0\" ><div id=\"pgc-1445-0-0\"  class=\"panel-grid-cell\" ><div id=\"panel-1445-0-0-0\" class=\"so-panel widget widget_sow-slider panel-first-child panel-last-child\" data-index=\"0\" ><div\n\t\t\t\n\t\t\tclass=\"so-widget-sow-slider so-widget-sow-slider-default-53fd0f98de19-1445\"\n\t\t\t\n\t\t><div class=\"sow-slider-base\" style=\"display: none\"><ul\n\t\t\t\t\tclass=\"sow-slider-images\"\n\t\t\t\t\tdata-settings=\"{&quot;pagination&quot;:true,&quot;speed&quot;:800,&quot;timeout&quot;:8000,&quot;paused&quot;:false,&quot;pause_on_hover&quot;:false,&quot;swipe&quot;:true,&quot;nav_always_show_desktop&quot;:&quot;&quot;,&quot;nav_always_show_mobile&quot;:&quot;&quot;,&quot;breakpoint&quot;:&quot;780px&quot;,&quot;unmute&quot;:false,&quot;anchor&quot;:null}\"\n\t\t\t\t\t\t\t\t\t\tdata-anchor-id=\"\"\n\t\t\t\t>\t\t<li class=\"sow-slider-image\" style=\"visibility: visible;\" >\n\t\t\t\t\t\t<div class=\"sow-slider-image-container\">\n\t\t\t\t<div class=\"sow-slider-image-wrapper\" style=\"max-width: 2000px\">\n\t\t\t\t\t\t\t\t\t\t<div class=\"sow-slider-image-foreground-wrapper\">\n\t\t\t\t\t\t<img width=\"2000\" height=\"763\" src=\"https:\/\/www.strauch-lu.de\/kommunal\/wp-content\/uploads\/sites\/3\/2018\/03\/eichenprozession_9.jpg\" class=\"sow-slider-foreground-image skip-lazy\" alt=\"\" loading=\"eager\" style=\"\" srcset=\"https:\/\/www.strauch-lu.de\/kommunal\/wp-content\/uploads\/sites\/3\/2018\/03\/eichenprozession_9.jpg 2000w, https:\/\/www.strauch-lu.de\/kommunal\/wp-content\/uploads\/sites\/3\/2018\/03\/eichenprozession_9-300x114.jpg 300w, https:\/\/www.strauch-lu.de\/kommunal\/wp-content\/uploads\/sites\/3\/2018\/03\/eichenprozession_9-1024x391.jpg 1024w, https:\/\/www.strauch-lu.de\/kommunal\/wp-content\/uploads\/sites\/3\/2018\/03\/eichenprozession_9-768x293.jpg 768w, https:\/\/www.strauch-lu.de\/kommunal\/wp-content\/uploads\/sites\/3\/2018\/03\/eichenprozession_9-1536x586.jpg 1536w\" sizes=\"(max-width: 2000px) 100vw, 2000px\" \/>\t\t\t\t\t<\/div>\n\t\t\t\t\t\t\t\t\t<\/div>\n\t\t\t<\/div>\n\t\t\t\t\t<\/li>\n\t\t\t\t<li class=\"sow-slider-image\" style=\"visibility: hidden;\" >\n\t\t\t\t\t\t<div class=\"sow-slider-image-container\">\n\t\t\t\t<div class=\"sow-slider-image-wrapper\" style=\"max-width: 2000px\">\n\t\t\t\t\t\t\t\t\t\t<div class=\"sow-slider-image-foreground-wrapper\">\n\t\t\t\t\t\t<img width=\"2000\" height=\"763\" src=\"https:\/\/www.strauch-lu.de\/kommunal\/wp-content\/uploads\/sites\/3\/2018\/03\/eichenprozession_10.jpg\" class=\"sow-slider-foreground-image skip-lazy\" alt=\"\" loading=\"eager\" style=\"\" srcset=\"https:\/\/www.strauch-lu.de\/kommunal\/wp-content\/uploads\/sites\/3\/2018\/03\/eichenprozession_10.jpg 2000w, https:\/\/www.strauch-lu.de\/kommunal\/wp-content\/uploads\/sites\/3\/2018\/03\/eichenprozession_10-300x114.jpg 300w, https:\/\/www.strauch-lu.de\/kommunal\/wp-content\/uploads\/sites\/3\/2018\/03\/eichenprozession_10-1024x391.jpg 1024w, https:\/\/www.strauch-lu.de\/kommunal\/wp-content\/uploads\/sites\/3\/2018\/03\/eichenprozession_10-768x293.jpg 768w, https:\/\/www.strauch-lu.de\/kommunal\/wp-content\/uploads\/sites\/3\/2018\/03\/eichenprozession_10-1536x586.jpg 1536w\" sizes=\"(max-width: 2000px) 100vw, 2000px\" \/>\t\t\t\t\t<\/div>\n\t\t\t\t\t\t\t\t\t<\/div>\n\t\t\t<\/div>\n\t\t\t\t\t<\/li>\n\t\t\t\t<li class=\"sow-slider-image\" style=\"visibility: hidden;\" >\n\t\t\t\t\t\t<div class=\"sow-slider-image-container\">\n\t\t\t\t<div class=\"sow-slider-image-wrapper\" style=\"max-width: 2000px\">\n\t\t\t\t\t\t\t\t\t\t<div class=\"sow-slider-image-foreground-wrapper\">\n\t\t\t\t\t\t<img width=\"2000\" height=\"763\" src=\"https:\/\/www.strauch-lu.de\/kommunal\/wp-content\/uploads\/sites\/3\/2018\/03\/eichenprozession_13.jpg\" class=\"sow-slider-foreground-image skip-lazy\" alt=\"\" loading=\"eager\" style=\"\" srcset=\"https:\/\/www.strauch-lu.de\/kommunal\/wp-content\/uploads\/sites\/3\/2018\/03\/eichenprozession_13.jpg 2000w, https:\/\/www.strauch-lu.de\/kommunal\/wp-content\/uploads\/sites\/3\/2018\/03\/eichenprozession_13-300x114.jpg 300w, https:\/\/www.strauch-lu.de\/kommunal\/wp-content\/uploads\/sites\/3\/2018\/03\/eichenprozession_13-1024x391.jpg 1024w, https:\/\/www.strauch-lu.de\/kommunal\/wp-content\/uploads\/sites\/3\/2018\/03\/eichenprozession_13-768x293.jpg 768w, https:\/\/www.strauch-lu.de\/kommunal\/wp-content\/uploads\/sites\/3\/2018\/03\/eichenprozession_13-1536x586.jpg 1536w\" sizes=\"(max-width: 2000px) 100vw, 2000px\" \/>\t\t\t\t\t<\/div>\n\t\t\t\t\t\t\t\t\t<\/div>\n\t\t\t<\/div>\n\t\t\t\t\t<\/li>\n\t\t\t\t<li class=\"sow-slider-image\" style=\"visibility: hidden;\" >\n\t\t\t\t\t\t<div class=\"sow-slider-image-container\">\n\t\t\t\t<div class=\"sow-slider-image-wrapper\" style=\"max-width: 2000px\">\n\t\t\t\t\t\t\t\t\t\t<div class=\"sow-slider-image-foreground-wrapper\">\n\t\t\t\t\t\t<img width=\"2000\" height=\"763\" src=\"https:\/\/www.strauch-lu.de\/kommunal\/wp-content\/uploads\/sites\/3\/2018\/03\/eichenprozession_11.jpg\" class=\"sow-slider-foreground-image skip-lazy\" alt=\"\" loading=\"eager\" style=\"\" srcset=\"https:\/\/www.strauch-lu.de\/kommunal\/wp-content\/uploads\/sites\/3\/2018\/03\/eichenprozession_11.jpg 2000w, https:\/\/www.strauch-lu.de\/kommunal\/wp-content\/uploads\/sites\/3\/2018\/03\/eichenprozession_11-300x114.jpg 300w, https:\/\/www.strauch-lu.de\/kommunal\/wp-content\/uploads\/sites\/3\/2018\/03\/eichenprozession_11-1024x391.jpg 1024w, https:\/\/www.strauch-lu.de\/kommunal\/wp-content\/uploads\/sites\/3\/2018\/03\/eichenprozession_11-768x293.jpg 768w, https:\/\/www.strauch-lu.de\/kommunal\/wp-content\/uploads\/sites\/3\/2018\/03\/eichenprozession_11-1536x586.jpg 1536w\" sizes=\"(max-width: 2000px) 100vw, 2000px\" \/>\t\t\t\t\t<\/div>\n\t\t\t\t\t\t\t\t\t<\/div>\n\t\t\t<\/div>\n\t\t\t\t\t<\/li>\n\t\t\t\t<li class=\"sow-slider-image\" style=\"visibility: hidden;\" >\n\t\t\t\t\t\t<div class=\"sow-slider-image-container\">\n\t\t\t\t<div class=\"sow-slider-image-wrapper\" style=\"max-width: 2000px\">\n\t\t\t\t\t\t\t\t\t\t<div class=\"sow-slider-image-foreground-wrapper\">\n\t\t\t\t\t\t<img width=\"2000\" height=\"763\" src=\"https:\/\/www.strauch-lu.de\/kommunal\/wp-content\/uploads\/sites\/3\/2018\/03\/eichenprozession_12.jpg\" class=\"sow-slider-foreground-image skip-lazy\" alt=\"\" loading=\"eager\" style=\"\" srcset=\"https:\/\/www.strauch-lu.de\/kommunal\/wp-content\/uploads\/sites\/3\/2018\/03\/eichenprozession_12.jpg 2000w, https:\/\/www.strauch-lu.de\/kommunal\/wp-content\/uploads\/sites\/3\/2018\/03\/eichenprozession_12-300x114.jpg 300w, https:\/\/www.strauch-lu.de\/kommunal\/wp-content\/uploads\/sites\/3\/2018\/03\/eichenprozession_12-1024x391.jpg 1024w, https:\/\/www.strauch-lu.de\/kommunal\/wp-content\/uploads\/sites\/3\/2018\/03\/eichenprozession_12-768x293.jpg 768w, https:\/\/www.strauch-lu.de\/kommunal\/wp-content\/uploads\/sites\/3\/2018\/03\/eichenprozession_12-1536x586.jpg 1536w\" sizes=\"(max-width: 2000px) 100vw, 2000px\" \/>\t\t\t\t\t<\/div>\n\t\t\t\t\t\t\t\t\t<\/div>\n\t\t\t<\/div>\n\t\t\t\t\t<\/li>\n\t\t<\/ul>\t\t\t\t<ol class=\"sow-slider-pagination\">\n\t\t\t\t\t\t\t\t\t\t\t<li><a href=\"#\" data-goto=\"0\" aria-label=\"display slide 1\"><\/a><\/li>\n\t\t\t\t\t\t\t\t\t\t\t<li><a href=\"#\" data-goto=\"1\" aria-label=\"display slide 2\"><\/a><\/li>\n\t\t\t\t\t\t\t\t\t\t\t<li><a href=\"#\" data-goto=\"2\" aria-label=\"display slide 3\"><\/a><\/li>\n\t\t\t\t\t\t\t\t\t\t\t<li><a href=\"#\" data-goto=\"3\" aria-label=\"display slide 4\"><\/a><\/li>\n\t\t\t\t\t\t\t\t\t\t\t<li><a href=\"#\" data-goto=\"4\" aria-label=\"display slide 5\"><\/a><\/li>\n\t\t\t\t\t\t\t\t\t<\/ol>\n\n\t\t\t\t<div class=\"sow-slide-nav sow-slide-nav-next\">\n\t\t\t\t\t<a href=\"#\" data-goto=\"next\" aria-label=\"next slide\" data-action=\"next\">\n\t\t\t\t\t\t<em class=\"sow-sld-icon-thin-right\"><\/em>\n\t\t\t\t\t<\/a>\n\t\t\t\t<\/div>\n\n\t\t\t\t<div class=\"sow-slide-nav sow-slide-nav-prev\">\n\t\t\t\t\t<a href=\"#\" data-goto=\"previous\" aria-label=\"previous slide\" data-action=\"prev\">\n\t\t\t\t\t\t<em class=\"sow-sld-icon-thin-left\"><\/em>\n\t\t\t\t\t<\/a>\n\t\t\t\t<\/div>\n\t\t\t\t<\/div><\/div><\/div><\/div><\/div><\/div><div id=\"pg-1445-1\"  class=\"panel-grid panel-has-style\" ><div class=\"panel-row-style panel-row-style-for-1445-1\" ><div id=\"pgc-1445-1-0\"  class=\"panel-grid-cell\" ><div id=\"panel-1445-1-0-0\" class=\"so-panel widget widget_text panel-first-child panel-last-child\" data-index=\"1\" >\t\t\t<div class=\"textwidget\"><p style=\"font-weight: 400;\">Der Eichenprozessionsspinner kommt an Stiel- und Traubeneiche, sowie an der Amerikanischen Roteiche vor. Er neigt besonders bei milder Witterung zu Massenvermehrung, wobei lichte Eichenw\u00e4lder, Bestandsr\u00e4nder, Stra\u00dfen- und Einzelb\u00e4ume bevorzugt werden.<\/p>\n<p style=\"font-weight: 400;\">Am Niederrhein trat diese urspr\u00fcnglich seltene Insektenart zuerst 2001 zwischen Kevelaer und Geldern auf. Beg\u00fcnstigt durch das milde Klima der letzten Jahre hat sich der Eichenprozessionsspinner bis zum Jahre 2007 jedoch sehr rasch \u00fcber die Kreisgebiete Kleve, Borken und Wesel weiterverbreitet. Ein starkes Auftreten des Eichenprozessionsspinners wurde 2007 auch in der Aachener Region festgestellt.<\/p>\n<p style=\"font-weight: 400;\">Das Kernproblem stellen die feinen Raupenhaare dar, die beim Menschen und Tieren verschiedene allergische Reaktionen hervorrufen k\u00f6nnen.<\/p>\n<\/div>\n\t\t<\/div><\/div><\/div><\/div><div id=\"pg-1445-2\"  class=\"panel-grid panel-has-style\" ><div class=\"panel-row-style panel-row-style-for-1445-2\" ><div id=\"pgc-1445-2-0\"  class=\"panel-grid-cell\" ><div id=\"panel-1445-2-0-0\" class=\"so-panel widget widget_media_image panel-first-child panel-last-child\" data-index=\"2\" ><img width=\"280\" height=\"205\" src=\"https:\/\/www.strauch-lu.de\/kommunal\/wp-content\/uploads\/sites\/3\/2018\/03\/eichenprozession_1.jpg\" class=\"image wp-image-2551  attachment-full size-full\" alt=\"\" loading=\"lazy\" style=\"max-width: 100%; height: auto;\" \/><\/div><\/div><div id=\"pgc-1445-2-1\"  class=\"panel-grid-cell\" ><div id=\"panel-1445-2-1-0\" class=\"so-panel widget widget_media_image panel-first-child panel-last-child\" data-index=\"3\" ><img width=\"280\" height=\"205\" src=\"https:\/\/www.strauch-lu.de\/kommunal\/wp-content\/uploads\/sites\/3\/2018\/03\/eichenprozession_2.jpg\" class=\"image wp-image-2552  attachment-full size-full\" alt=\"\" loading=\"lazy\" style=\"max-width: 100%; height: auto;\" \/><\/div><\/div><div id=\"pgc-1445-2-2\"  class=\"panel-grid-cell\" ><div id=\"panel-1445-2-2-0\" class=\"so-panel widget widget_media_image panel-first-child panel-last-child\" data-index=\"4\" ><img width=\"274\" height=\"205\" src=\"https:\/\/www.strauch-lu.de\/kommunal\/wp-content\/uploads\/sites\/3\/2018\/03\/eichenprozession_4.jpg\" class=\"image wp-image-2704  attachment-full size-full\" alt=\"\" loading=\"lazy\" style=\"max-width: 100%; height: auto;\" \/><\/div><\/div><\/div><\/div><div id=\"pg-1445-3\"  class=\"panel-grid panel-has-style\" ><div class=\"panel-row-style panel-row-style-for-1445-3\" ><div id=\"pgc-1445-3-0\"  class=\"panel-grid-cell\" ><div id=\"panel-1445-3-0-0\" class=\"so-panel widget widget_media_image panel-first-child panel-last-child\" data-index=\"5\" ><img width=\"1125\" height=\"1500\" src=\"https:\/\/www.strauch-lu.de\/kommunal\/wp-content\/uploads\/sites\/3\/2018\/03\/eichenprozession_7.jpg\" class=\"image wp-image-2708  attachment-full size-full\" alt=\"\" loading=\"lazy\" style=\"max-width: 100%; height: auto;\" srcset=\"https:\/\/www.strauch-lu.de\/kommunal\/wp-content\/uploads\/sites\/3\/2018\/03\/eichenprozession_7.jpg 1125w, https:\/\/www.strauch-lu.de\/kommunal\/wp-content\/uploads\/sites\/3\/2018\/03\/eichenprozession_7-225x300.jpg 225w, https:\/\/www.strauch-lu.de\/kommunal\/wp-content\/uploads\/sites\/3\/2018\/03\/eichenprozession_7-768x1024.jpg 768w\" sizes=\"(max-width: 1125px) 100vw, 1125px\" \/><\/div><\/div><div id=\"pgc-1445-3-1\"  class=\"panel-grid-cell\" ><div id=\"panel-1445-3-1-0\" class=\"so-panel widget widget_text panel-first-child panel-last-child\" data-index=\"6\" ><h3 class=\"widget-title\">Bek\u00e4mpfung durch Einsatz von Pflanzenschutzmitteln<\/h3>\t\t\t<div class=\"textwidget\"><p style=\"font-weight: 400;\">Im Fr\u00fchjahr besteht die M\u00f6glichkeit die Raupen mittels biologischer Pflanzenschutzmittel (Bazillus thuringiensis Pr\u00e4parate) schon in den ersten beiden Larvenstadien zu bek\u00e4mpfen (ca. April bis Mai). Dies geschieht mit einem fahrzeuggef\u00fchrten Spr\u00fchger\u00e4t (z.B. Spr\u00fchkanone), welche eine maximale Spr\u00fchhohe von bis zu ca. 30 m erzielt oder einem handgef\u00fchrten Pumpspr\u00fchger\u00e4t (mit Motor oder manuell, z.B. auf dem R\u00fccken getragenes Spr\u00fchger\u00e4t). Zu diesem Zeitpunkt sind auch noch keine Gifthaare ausgebildet worden. Vorausgesetzt ist ein fr\u00fchzeitiges Erkennen, wobei davon auszugehen ist, das schon zuvor erkannte Befallsorte wiederum betroffen sein werden. Das genannte Mittel hat nur auf Raupen und nicht auf andere Tierarten oder Menschen eine Wirkung.<\/p>\n<\/div>\n\t\t<\/div><\/div><\/div><\/div><div id=\"pg-1445-4\"  class=\"panel-grid panel-has-style\" ><div class=\"panel-row-style panel-row-style-for-1445-4\" ><div id=\"pgc-1445-4-0\"  class=\"panel-grid-cell\" ><div id=\"panel-1445-4-0-0\" class=\"so-panel widget widget_text panel-first-child panel-last-child\" data-index=\"7\" ><h3 class=\"widget-title\">Mechanische Gegenma\u00dfnahmen<\/h3>\t\t\t<div class=\"textwidget\"><p style=\"font-weight: 400;\">Zum Zeitpunkt der Prozessions- und Nesterbildung (ab ca. Juni\/Juli) k\u00f6nnen die Nester einschlie\u00dflich der enthaltenen Raupen auch mit leistungsf\u00e4higen Saugger\u00e4ten abgesaugt werden. Dazu werden die Nester mittels Hubsteigertechnik und dem Einsatz von Hochleistungssaugern vom Baum abgesaugt. Es wird besonders auf die Schutzausr\u00fcstung sowie die Verkehrssicherung geachtet. Die Nester werden danach in Verbrennungsanlagen entsorgt, auf Wunsch auch mit entsprechendem Nachweis. Eine weitere Bek\u00e4mpfungsm\u00f6glichkeit liegt im Abfl\u00e4mmen oder Absammeln der Nester. Wegen der beschriebenen Gef\u00e4hrdungen sollten Sie als Privatpersonen diese Bek\u00e4mpfungsmethoden unter keinen Umst\u00e4nden selbst durchf\u00fchren, sondern hiermit eine Fachfirma, wie die Firma Johannes Jan\u00dfen GmbH &amp; Co. KG beauftragen, die hierauf spezialisiert ist.<\/p>\n<\/div>\n\t\t<\/div><\/div><div id=\"pgc-1445-4-1\"  class=\"panel-grid-cell\" ><div id=\"panel-1445-4-1-0\" class=\"so-panel widget widget_media_image panel-first-child panel-last-child\" data-index=\"8\" ><img width=\"1000\" height=\"1333\" src=\"https:\/\/www.strauch-lu.de\/kommunal\/wp-content\/uploads\/sites\/3\/2018\/03\/eichenprozession_6.jpg\" class=\"image wp-image-2706  attachment-full size-full\" alt=\"\" loading=\"lazy\" style=\"max-width: 100%; height: auto;\" srcset=\"https:\/\/www.strauch-lu.de\/kommunal\/wp-content\/uploads\/sites\/3\/2018\/03\/eichenprozession_6.jpg 1000w, https:\/\/www.strauch-lu.de\/kommunal\/wp-content\/uploads\/sites\/3\/2018\/03\/eichenprozession_6-225x300.jpg 225w, https:\/\/www.strauch-lu.de\/kommunal\/wp-content\/uploads\/sites\/3\/2018\/03\/eichenprozession_6-768x1024.jpg 768w\" sizes=\"(max-width: 1000px) 100vw, 1000px\" \/><\/div><\/div><\/div><\/div><div id=\"pg-1445-5\"  class=\"panel-grid panel-has-style\" ><div class=\"panel-row-style panel-row-style-for-1445-5\" ><div id=\"pgc-1445-5-0\"  class=\"panel-grid-cell\" ><div id=\"panel-1445-5-0-0\" class=\"so-panel widget widget_text panel-first-child\" data-index=\"9\" ><h3 class=\"widget-title\">SIE HABEN FRAGEN?<\/h3>\t\t\t<div class=\"textwidget\"><p style=\"font-weight: 400;\">Unser Team ber\u00e4t Sie gerne und findet f\u00fcr Sie die ideale L\u00f6sung.<\/p>\n<\/div>\n\t\t<\/div><div id=\"panel-1445-5-0-1\" class=\"so-panel widget widget_sow-button panel-last-child\" data-index=\"10\" ><div\n\t\t\t\n\t\t\tclass=\"so-widget-sow-button so-widget-sow-button-flat-6a124ab0b06d-1445\"\n\t\t\t\n\t\t><div class=\"ow-button-base ow-button-align-center\">\n\t<a href=\"https:\/\/www.strauch-lu.de\/kommunal\/kontakt\/\" class=\"ow-icon-placement-left ow-button-hover\" \t\t>\n\t\t<span>\n\t\t\t\n\t\t\tJETZT BERATEN LASSEN\t\t<\/span>\n\t<\/a>\n<\/div>\n<\/div><\/div><\/div><\/div><\/div><\/div>","protected":false},"excerpt":{"rendered":"<p>Der Eichenprozessionsspinner kommt an Stiel- und Traubeneiche, sowie an der Amerikanischen Roteiche vor. Er neigt besonders bei milder Witterung zu Massenvermehrung, wobei lichte Eichenw\u00e4lder, Bestandsr\u00e4nder, Stra\u00dfen- und Einzelb\u00e4ume bevorzugt werden. Am Niederrhein trat diese urspr\u00fcnglich seltene Insektenart zuerst 2001 zwischen &hellip; <a href=\"https:\/\/www.strauch-lu.de\/kommunal\/portfolio\/eichenprozessionsspinner\/\">Weiter<\/a><\/p>\n","protected":false},"author":1,"featured_media":2709,"menu_order":4,"comment_status":"closed","ping_status":"closed","template":"","meta":{"kt_blocks_editor_width":""},"portfolio-type":[12],"yoast_head":"<!-- This site is optimized with the Yoast SEO plugin v20.2.1 - https:\/\/yoast.com\/wordpress\/plugins\/seo\/ -->\n<title>Bek\u00e4mpfung Eichenprozessionsspinner - Johannes Jan\u00dfen<\/title>\n<meta name=\"description\" content=\"Die Raupen der Eichenprozessionsspinner k\u00f6nnen im Fr\u00fchjahr schon mittels biologischer Pflanzenschutzmittel bek\u00e4mpft werden.\" \/>\n<meta name=\"robots\" content=\"index, follow, max-snippet:-1, max-image-preview:large, max-video-preview:-1\" \/>\n<link rel=\"canonical\" href=\"https:\/\/www.strauch-lu.de\/kommunal\/portfolio\/eichenprozessionsspinner\/\" \/>\n<meta property=\"og:locale\" content=\"de_DE\" \/>\n<meta property=\"og:type\" content=\"article\" \/>\n<meta property=\"og:title\" content=\"Bek\u00e4mpfung Eichenprozessionsspinner - Johannes Jan\u00dfen\" \/>\n<meta property=\"og:description\" content=\"Die Raupen der Eichenprozessionsspinner k\u00f6nnen im Fr\u00fchjahr schon mittels biologischer Pflanzenschutzmittel bek\u00e4mpft werden.\" \/>\n<meta property=\"og:url\" content=\"https:\/\/www.strauch-lu.de\/kommunal\/portfolio\/eichenprozessionsspinner\/\" \/>\n<meta property=\"og:site_name\" content=\"Johannes Jan\u00dfen\" \/>\n<meta property=\"article:modified_time\" content=\"2023-03-17T08:40:28+00:00\" \/>\n<meta property=\"og:image\" content=\"https:\/\/www.strauch-lu.de\/kommunal\/wp-content\/uploads\/sites\/3\/2018\/03\/eichenprozession_8.jpg\" \/>\n\t<meta property=\"og:image:width\" content=\"1500\" \/>\n\t<meta property=\"og:image:height\" content=\"1125\" \/>\n\t<meta property=\"og:image:type\" content=\"image\/jpeg\" \/>\n<meta name=\"twitter:card\" content=\"summary_large_image\" \/>\n<meta name=\"twitter:label1\" content=\"Gesch\u00e4tzte Lesezeit\" \/>\n\t<meta name=\"twitter:data1\" content=\"2\u00a0Minuten\" \/>\n<script type=\"application\/ld+json\" class=\"yoast-schema-graph\">{\"@context\":\"https:\/\/schema.org\",\"@graph\":[{\"@type\":\"WebPage\",\"@id\":\"https:\/\/www.strauch-lu.de\/kommunal\/portfolio\/eichenprozessionsspinner\/\",\"url\":\"https:\/\/www.strauch-lu.de\/kommunal\/portfolio\/eichenprozessionsspinner\/\",\"name\":\"Bek\u00e4mpfung Eichenprozessionsspinner - Johannes Jan\u00dfen\",\"isPartOf\":{\"@id\":\"https:\/\/www.strauch-lu.de\/kommunal\/#website\"},\"datePublished\":\"2018-03-16T18:22:27+00:00\",\"dateModified\":\"2023-03-17T08:40:28+00:00\",\"description\":\"Die Raupen der Eichenprozessionsspinner k\u00f6nnen im Fr\u00fchjahr schon mittels biologischer Pflanzenschutzmittel bek\u00e4mpft werden.\",\"breadcrumb\":{\"@id\":\"https:\/\/www.strauch-lu.de\/kommunal\/portfolio\/eichenprozessionsspinner\/#breadcrumb\"},\"inLanguage\":\"de\",\"potentialAction\":[{\"@type\":\"ReadAction\",\"target\":[\"https:\/\/www.strauch-lu.de\/kommunal\/portfolio\/eichenprozessionsspinner\/\"]}]},{\"@type\":\"BreadcrumbList\",\"@id\":\"https:\/\/www.strauch-lu.de\/kommunal\/portfolio\/eichenprozessionsspinner\/#breadcrumb\",\"itemListElement\":[{\"@type\":\"ListItem\",\"position\":1,\"name\":\"Startseite\",\"item\":\"https:\/\/www.strauch-lu.de\/kommunal\/\"},{\"@type\":\"ListItem\",\"position\":2,\"name\":\"Bek\u00e4mpfung von Eichenprozessionsspinner\"}]},{\"@type\":\"WebSite\",\"@id\":\"https:\/\/www.strauch-lu.de\/kommunal\/#website\",\"url\":\"https:\/\/www.strauch-lu.de\/kommunal\/\",\"name\":\"Johannes Jan\u00dfen\",\"description\":\"Ein Unternehmen der Strauch-Gruppe\",\"potentialAction\":[{\"@type\":\"SearchAction\",\"target\":{\"@type\":\"EntryPoint\",\"urlTemplate\":\"https:\/\/www.strauch-lu.de\/kommunal\/?s={search_term_string}\"},\"query-input\":\"required name=search_term_string\"}],\"inLanguage\":\"de\"}]}<\/script>\n<!-- \/ Yoast SEO plugin. -->","yoast_head_json":{"title":"Bek\u00e4mpfung Eichenprozessionsspinner - Johannes Jan\u00dfen","description":"Die Raupen der Eichenprozessionsspinner k\u00f6nnen im Fr\u00fchjahr schon mittels biologischer Pflanzenschutzmittel bek\u00e4mpft werden.","robots":{"index":"index","follow":"follow","max-snippet":"max-snippet:-1","max-image-preview":"max-image-preview:large","max-video-preview":"max-video-preview:-1"},"canonical":"https:\/\/www.strauch-lu.de\/kommunal\/portfolio\/eichenprozessionsspinner\/","og_locale":"de_DE","og_type":"article","og_title":"Bek\u00e4mpfung Eichenprozessionsspinner - Johannes Jan\u00dfen","og_description":"Die Raupen der Eichenprozessionsspinner k\u00f6nnen im Fr\u00fchjahr schon mittels biologischer Pflanzenschutzmittel bek\u00e4mpft werden.","og_url":"https:\/\/www.strauch-lu.de\/kommunal\/portfolio\/eichenprozessionsspinner\/","og_site_name":"Johannes Jan\u00dfen","article_modified_time":"2023-03-17T08:40:28+00:00","og_image":[{"width":1500,"height":1125,"url":"https:\/\/www.strauch-lu.de\/kommunal\/wp-content\/uploads\/sites\/3\/2018\/03\/eichenprozession_8.jpg","type":"image\/jpeg"}],"twitter_card":"summary_large_image","twitter_misc":{"Gesch\u00e4tzte Lesezeit":"2\u00a0Minuten"},"schema":{"@context":"https:\/\/schema.org","@graph":[{"@type":"WebPage","@id":"https:\/\/www.strauch-lu.de\/kommunal\/portfolio\/eichenprozessionsspinner\/","url":"https:\/\/www.strauch-lu.de\/kommunal\/portfolio\/eichenprozessionsspinner\/","name":"Bek\u00e4mpfung Eichenprozessionsspinner - Johannes Jan\u00dfen","isPartOf":{"@id":"https:\/\/www.strauch-lu.de\/kommunal\/#website"},"datePublished":"2018-03-16T18:22:27+00:00","dateModified":"2023-03-17T08:40:28+00:00","description":"Die Raupen der Eichenprozessionsspinner k\u00f6nnen im Fr\u00fchjahr schon mittels biologischer Pflanzenschutzmittel bek\u00e4mpft werden.","breadcrumb":{"@id":"https:\/\/www.strauch-lu.de\/kommunal\/portfolio\/eichenprozessionsspinner\/#breadcrumb"},"inLanguage":"de","potentialAction":[{"@type":"ReadAction","target":["https:\/\/www.strauch-lu.de\/kommunal\/portfolio\/eichenprozessionsspinner\/"]}]},{"@type":"BreadcrumbList","@id":"https:\/\/www.strauch-lu.de\/kommunal\/portfolio\/eichenprozessionsspinner\/#breadcrumb","itemListElement":[{"@type":"ListItem","position":1,"name":"Startseite","item":"https:\/\/www.strauch-lu.de\/kommunal\/"},{"@type":"ListItem","position":2,"name":"Bek\u00e4mpfung von Eichenprozessionsspinner"}]},{"@type":"WebSite","@id":"https:\/\/www.strauch-lu.de\/kommunal\/#website","url":"https:\/\/www.strauch-lu.de\/kommunal\/","name":"Johannes Jan\u00dfen","description":"Ein Unternehmen der Strauch-Gruppe","potentialAction":[{"@type":"SearchAction","target":{"@type":"EntryPoint","urlTemplate":"https:\/\/www.strauch-lu.de\/kommunal\/?s={search_term_string}"},"query-input":"required name=search_term_string"}],"inLanguage":"de"}]}},"_links":{"self":[{"href":"https:\/\/www.strauch-lu.de\/kommunal\/wp-json\/wp\/v2\/portfolio\/1445"}],"collection":[{"href":"https:\/\/www.strauch-lu.de\/kommunal\/wp-json\/wp\/v2\/portfolio"}],"about":[{"href":"https:\/\/www.strauch-lu.de\/kommunal\/wp-json\/wp\/v2\/types\/portfolio"}],"author":[{"embeddable":true,"href":"https:\/\/www.strauch-lu.de\/kommunal\/wp-json\/wp\/v2\/users\/1"}],"replies":[{"embeddable":true,"href":"https:\/\/www.strauch-lu.de\/kommunal\/wp-json\/wp\/v2\/comments?post=1445"}],"wp:featuredmedia":[{"embeddable":true,"href":"https:\/\/www.strauch-lu.de\/kommunal\/wp-json\/wp\/v2\/media\/2709"}],"wp:attachment":[{"href":"https:\/\/www.strauch-lu.de\/kommunal\/wp-json\/wp\/v2\/media?parent=1445"}],"wp:term":[{"taxonomy":"portfolio-type","embeddable":true,"href":"https:\/\/www.strauch-lu.de\/kommunal\/wp-json\/wp\/v2\/portfolio-type?post=1445"}],"curies":[{"name":"wp","href":"https:\/\/api.w.org\/{rel}","templated":true}]}}