{"id":2867,"date":"2023-03-20T16:30:20","date_gmt":"2023-03-20T15:30:20","guid":{"rendered":"https:\/\/www.strauch-lu.de\/kommunal\/?page_id=2867"},"modified":"2023-03-20T16:50:39","modified_gmt":"2023-03-20T15:50:39","slug":"insights","status":"publish","type":"page","link":"https:\/\/www.strauch-lu.de\/kommunal\/insights\/","title":{"rendered":"Insights"},"content":{"rendered":"<div id=\"pl-2867\"  class=\"panel-layout\" ><div id=\"pg-2867-0\"  class=\"panel-grid panel-no-style\" ><div id=\"pgc-2867-0-0\"  class=\"panel-grid-cell\" ><div id=\"panel-2867-0-0-0\" class=\"widget_text so-panel widget widget_custom_html panel-first-child panel-last-child\" data-index=\"0\" ><div class=\"textwidget custom-html-widget\"><style type=\"text\/css\">.zoom-instagram.feed-2870{font-size:14px!important;padding:1px!important;}.zoom-instagram.feed-2870 .zoom-instagram-widget__items{display:grid!important;grid-template-columns:repeat(3,1fr);}.zoom-instagram.feed-2870 .zoom-instagram-widget__items{gap:10px!important;}<\/style>\n<div class=\"zoom-instagram feed-2870 layout-grid columns-3 with-lightbox spacing-10 perpage-3\"><div class=\"zoom-instagram-widget__items-wrapper\"><ul class=\"zoom-instagram-widget__items zoom-instagram-widget__items--no-js layout-grid\" data-layout=\"grid\" data-columns=\"3\" data-lightbox=\"1\" data-spacing=\"10\" data-perpage=\"3\"><li class=\"zoom-instagram-widget__item media-icons-normal media-icons-hover\" data-media-type=\"carousel_album\"><div class=\"zoom-instagram-widget__item-inner-wrap\"><img class=\"zoom-instagram-link zoom-instagram-link-new\"  data-src=\"https:\/\/www.strauch-lu.de\/kommunal\/wp-content\/uploads\/sites\/3\/2023\/03\/336512654_244341477940968_3112214463619371862_n.jpg\" width=\"1440\" height=\"810\" alt=\"Wir sind jetzt so richtig im Fr\u00fchling angekommen.\n\nWas f\u00fcr ein toller Tag gestern. \n\nDanke f\u00fcr das sch\u00f6ne Fr\u00fchlingsfest 2023!\n\nDer Platz ist wieder leer ger\u00e4umt  und wir m\u00f6chten Euch schon ein paar beeindruckende Impressionen von gestern zeigen!\n\nDanke @marcs_agritec_droneworld, dass du uns begleitest.\n\n#fr\u00fchlingsfest2023 #agrarservicestrauch #lohnunternehmen #tagderoffenent\u00fcr #landwirtschaft #ausliebezurlandwirtschaft #agrar #teamstrauch #lustrauch #sonntag #derfr\u00fchlingistda #isselburg #kreisborken #johannesjanssengmbh #kalkar #Niederm\u00f6rmter #kreiskleve\" \/><div class=\"hover-layout zoom-instagram-widget__overlay zoom-instagram-widget__black \"><svg class=\"svg-icon\" shape-rendering=\"geometricPrecision\"><use xlink:href=\"https:\/\/www.strauch-lu.de\/kommunal\/wp-content\/plugins\/instagram-widget-by-wpzoom\/dist\/images\/frontend\/wpzoom-instagram-icons.svg#carousel_album\"><\/use><\/svg><div class=\"zoom-instagram-icon-wrap\"><a class=\"zoom-svg-instagram-stroke\" href=\"https:\/\/www.instagram.com\/p\/CqAf0YrK6JV\/\" rel=\"noopener nofollow\" target=\"_blank\" title=\"Wir sind jetzt so richtig im Fr\u00fchling angekommen.\n\nWas f\u00fcr ein toller Tag gestern. \n\nDanke f\u00fcr das sch\u00f6ne Fr\u00fchlingsfest 2023!\n\nDer Platz ist wieder leer ger\u00e4umt  und wir m\u00f6chten Euch schon ein paar beeindruckende Impressionen von gestern zeigen!\n\nDanke @marcs_agritec_droneworld, dass du uns begleitest.\n\n#fr\u00fchlingsfest2023 #agrarservicestrauch #lohnunternehmen #tagderoffenent\u00fcr #landwirtschaft #ausliebezurlandwirtschaft #agrar #teamstrauch #lustrauch #sonntag #derfr\u00fchlingistda #isselburg #kreisborken #johannesjanssengmbh #kalkar #Niederm\u00f6rmter #kreiskleve\"><\/a><\/div>\n    \t\t\t\t\t<a class=\"zoom-instagram-link\" data-src=\"https:\/\/www.strauch-lu.de\/kommunal\/wp-content\/uploads\/sites\/3\/2023\/03\/336512654_244341477940968_3112214463619371862_n.jpg\" data-mfp-src=\"18008735596594728\" href=\"https:\/\/www.instagram.com\/p\/CqAf0YrK6JV\/\" target=\"_blank\" rel=\"noopener nofollow\" title=\"Wir sind jetzt so richtig im Fr\u00fchling angekommen.\n\nWas f\u00fcr ein toller Tag gestern. \n\nDanke f\u00fcr das sch\u00f6ne Fr\u00fchlingsfest 2023!\n\nDer Platz ist wieder leer ger\u00e4umt  und wir m\u00f6chten Euch schon ein paar beeindruckende Impressionen von gestern zeigen!\n\nDanke @marcs_agritec_droneworld, dass du uns begleitest.\n\n#fr\u00fchlingsfest2023 #agrarservicestrauch #lohnunternehmen #tagderoffenent\u00fcr #landwirtschaft #ausliebezurlandwirtschaft #agrar #teamstrauch #lustrauch #sonntag #derfr\u00fchlingistda #isselburg #kreisborken #johannesjanssengmbh #kalkar #Niederm\u00f6rmter #kreiskleve\"><\/a>\n    \t\t\t\t\t<\/div><\/div><\/li><li class=\"zoom-instagram-widget__item media-icons-normal media-icons-hover\" data-media-type=\"video\"><div class=\"zoom-instagram-widget__item-inner-wrap\"><img class=\"zoom-instagram-link zoom-instagram-link-new\"  data-src=\"https:\/\/www.strauch-lu.de\/kommunal\/wp-content\/uploads\/sites\/3\/2023\/03\/336258109_613926433405849_9123922617983767925_n.jpg\" width=\"540\" height=\"960\" alt=\"Wir haben noch ein bisschen Tetris vor uns \ud83d\ude03\n\n#fr\u00fchlingsfest2023 #agrarservicestrauch #lohnunternehmen #tagderoffenent\u00fcr #landwirtschaft #ausliebezurlandwirtschaft #agrar #teamstrauch #lustrauch #sonntag #derfr\u00fchlingistda #isselburg #kreisborken #johannesjanssengmbh #kalkar #Niederm\u00f6rmter #kreiskleve #tetris\" \/><div class=\"hover-layout zoom-instagram-widget__overlay zoom-instagram-widget__black \"><svg class=\"svg-icon\" shape-rendering=\"geometricPrecision\"><use xlink:href=\"https:\/\/www.strauch-lu.de\/kommunal\/wp-content\/plugins\/instagram-widget-by-wpzoom\/dist\/images\/frontend\/wpzoom-instagram-icons.svg#video\"><\/use><\/svg><div class=\"zoom-instagram-icon-wrap\"><a class=\"zoom-svg-instagram-stroke\" href=\"https:\/\/www.instagram.com\/reel\/Cp7aDUDKRA6\/\" rel=\"noopener nofollow\" target=\"_blank\" title=\"Wir haben noch ein bisschen Tetris vor uns \ud83d\ude03\n\n#fr\u00fchlingsfest2023 #agrarservicestrauch #lohnunternehmen #tagderoffenent\u00fcr #landwirtschaft #ausliebezurlandwirtschaft #agrar #teamstrauch #lustrauch #sonntag #derfr\u00fchlingistda #isselburg #kreisborken #johannesjanssengmbh #kalkar #Niederm\u00f6rmter #kreiskleve #tetris\"><\/a><\/div>\n    \t\t\t\t\t<a class=\"zoom-instagram-link\" data-src=\"https:\/\/www.strauch-lu.de\/kommunal\/wp-content\/uploads\/sites\/3\/2023\/03\/336258109_613926433405849_9123922617983767925_n.jpg\" data-mfp-src=\"17897174021775129\" href=\"https:\/\/www.instagram.com\/reel\/Cp7aDUDKRA6\/\" target=\"_blank\" rel=\"noopener nofollow\" title=\"Wir haben noch ein bisschen Tetris vor uns \ud83d\ude03\n\n#fr\u00fchlingsfest2023 #agrarservicestrauch #lohnunternehmen #tagderoffenent\u00fcr #landwirtschaft #ausliebezurlandwirtschaft #agrar #teamstrauch #lustrauch #sonntag #derfr\u00fchlingistda #isselburg #kreisborken #johannesjanssengmbh #kalkar #Niederm\u00f6rmter #kreiskleve #tetris\"><\/a>\n    \t\t\t\t\t<\/div><\/div><\/li><li class=\"zoom-instagram-widget__item media-icons-normal media-icons-hover\" data-media-type=\"image\"><div class=\"zoom-instagram-widget__item-inner-wrap\"><img class=\"zoom-instagram-link zoom-instagram-link-new\"  data-src=\"https:\/\/www.strauch-lu.de\/kommunal\/wp-content\/uploads\/sites\/3\/2023\/03\/334781602_763258228562499_2416502528447089178_n.jpg\" width=\"1080\" height=\"1350\" alt=\"Hast du schon Pl\u00e4ne f\u00fcr diesen Sommer? \n\nDas letzte Schulhalbjahr steht an\u2026\n\n\u2026und wir suchen f\u00fcr unser Team Verst\u00e4rkung!\n\nWir bieten dir eine umfangreiche Ausbildung in einem landwirtschaftlichen Lohnunternehmen sowie in einem industriellen und kommunalen Betrieb, bei dem es jeden Tag etwas zu tun gibt.\n\nWir freuen uns auf deine aussagekr\u00e4ftige, schriftliche Bewerbung mit Lebenslauf.\n\nWenn du Fragen hast, ruf uns einfach an oder schreib uns eine E-Mail. \n\nWir freuen uns auf dich!\n\n#2023kannkommen #ausbildung2023 #agrarservicestrauch #losgehts #kommunalbetrieb #ausbildung #kauffrauf\u00fcrb\u00fcromanagement #kaufmanmf\u00fcrb\u00fcromanagement #wirliebenlandwirtschaft #johannesjanssengmbh #isselburg #rees #niederm\u00f6rmter #kreisborken #kreiskleve #strauchgmbh #strauchgruppe #landwirtschaft #lohnunternehmen #august2023\" \/><div class=\"hover-layout zoom-instagram-widget__overlay zoom-instagram-widget__black \"><div class=\"zoom-instagram-icon-wrap\"><a class=\"zoom-svg-instagram-stroke\" href=\"https:\/\/www.instagram.com\/p\/CpuzX4cKwEa\/\" rel=\"noopener nofollow\" target=\"_blank\" title=\"Hast du schon Pl\u00e4ne f\u00fcr diesen Sommer? \n\nDas letzte Schulhalbjahr steht an\u2026\n\n\u2026und wir suchen f\u00fcr unser Team Verst\u00e4rkung!\n\nWir bieten dir eine umfangreiche Ausbildung in einem landwirtschaftlichen Lohnunternehmen sowie in einem industriellen und kommunalen Betrieb, bei dem es jeden Tag etwas zu tun gibt.\n\nWir freuen uns auf deine aussagekr\u00e4ftige, schriftliche Bewerbung mit Lebenslauf.\n\nWenn du Fragen hast, ruf uns einfach an oder schreib uns eine E-Mail. \n\nWir freuen uns auf dich!\n\n#2023kannkommen #ausbildung2023 #agrarservicestrauch #losgehts #kommunalbetrieb #ausbildung #kauffrauf\u00fcrb\u00fcromanagement #kaufmanmf\u00fcrb\u00fcromanagement #wirliebenlandwirtschaft #johannesjanssengmbh #isselburg #rees #niederm\u00f6rmter #kreisborken #kreiskleve #strauchgmbh #strauchgruppe #landwirtschaft #lohnunternehmen #august2023\"><\/a><\/div>\n    \t\t\t\t\t<a class=\"zoom-instagram-link\" data-src=\"https:\/\/www.strauch-lu.de\/kommunal\/wp-content\/uploads\/sites\/3\/2023\/03\/334781602_763258228562499_2416502528447089178_n.jpg\" data-mfp-src=\"18236683879092093\" href=\"https:\/\/www.instagram.com\/p\/CpuzX4cKwEa\/\" target=\"_blank\" rel=\"noopener nofollow\" title=\"Hast du schon Pl\u00e4ne f\u00fcr diesen Sommer? \n\nDas letzte Schulhalbjahr steht an\u2026\n\n\u2026und wir suchen f\u00fcr unser Team Verst\u00e4rkung!\n\nWir bieten dir eine umfangreiche Ausbildung in einem landwirtschaftlichen Lohnunternehmen sowie in einem industriellen und kommunalen Betrieb, bei dem es jeden Tag etwas zu tun gibt.\n\nWir freuen uns auf deine aussagekr\u00e4ftige, schriftliche Bewerbung mit Lebenslauf.\n\nWenn du Fragen hast, ruf uns einfach an oder schreib uns eine E-Mail. \n\nWir freuen uns auf dich!\n\n#2023kannkommen #ausbildung2023 #agrarservicestrauch #losgehts #kommunalbetrieb #ausbildung #kauffrauf\u00fcrb\u00fcromanagement #kaufmanmf\u00fcrb\u00fcromanagement #wirliebenlandwirtschaft #johannesjanssengmbh #isselburg #rees #niederm\u00f6rmter #kreisborken #kreiskleve #strauchgmbh #strauchgruppe #landwirtschaft #lohnunternehmen #august2023\"><\/a>\n    \t\t\t\t\t<\/div><\/div><\/li><li class=\"zoom-instagram-widget__item media-icons-normal media-icons-hover\" data-media-type=\"video\"><div class=\"zoom-instagram-widget__item-inner-wrap\"><img class=\"zoom-instagram-link zoom-instagram-link-new\"  data-src=\"https:\/\/www.strauch-lu.de\/kommunal\/wp-content\/uploads\/sites\/3\/2023\/03\/331570829_721907839474491_5036257087777879305_n.jpg\" width=\"410\" height=\"231\" alt=\"Wir freuen uns Euch auch in diesem Jahr wieder auf unserem Fr\u00fchlingsfest \ud83d\udc90\ud83d\ude9cbegr\u00fc\u00dfen zu d\u00fcrfen!\n\nWusstet ihr, dass unser Fr\u00fchlingsfest \ud83d\udc90 Tradition hat?\nSeit 2002 findet es immer am 3. Sonntag im M\u00e4rz statt!\n\nHier zeigen wir Euch einen sch\u00f6ne Zusammenfassung vom letzten Fr\u00fchlingsfest!\n\n\ud83d\udcfd @marcs_agritec_droneworld \n\n#fr\u00fchlingsfest2022 #fr\u00fchlingsfest2023 #agrarservicestrauch #lohnunternehmen #tagderoffenent\u00fcr #landwirtschaft #ausliebezurlandwirtschaft #agrar #teamstrauch #lustrauch #sonntag #derfr\u00fchlingistda #isselburg #kreisborken #johannesjanssengmbh #kalkar #Niederm\u00f6rmter #kreiskleve\" \/><div class=\"hover-layout zoom-instagram-widget__overlay zoom-instagram-widget__black \"><svg class=\"svg-icon\" shape-rendering=\"geometricPrecision\"><use xlink:href=\"https:\/\/www.strauch-lu.de\/kommunal\/wp-content\/plugins\/instagram-widget-by-wpzoom\/dist\/images\/frontend\/wpzoom-instagram-icons.svg#video\"><\/use><\/svg><div class=\"zoom-instagram-icon-wrap\"><a class=\"zoom-svg-instagram-stroke\" href=\"https:\/\/www.instagram.com\/reel\/CpsCDvtKqhF\/\" rel=\"noopener nofollow\" target=\"_blank\" title=\"Wir freuen uns Euch auch in diesem Jahr wieder auf unserem Fr\u00fchlingsfest \ud83d\udc90\ud83d\ude9cbegr\u00fc\u00dfen zu d\u00fcrfen!\n\nWusstet ihr, dass unser Fr\u00fchlingsfest \ud83d\udc90 Tradition hat?\nSeit 2002 findet es immer am 3. Sonntag im M\u00e4rz statt!\n\nHier zeigen wir Euch einen sch\u00f6ne Zusammenfassung vom letzten Fr\u00fchlingsfest!\n\n\ud83d\udcfd @marcs_agritec_droneworld \n\n#fr\u00fchlingsfest2022 #fr\u00fchlingsfest2023 #agrarservicestrauch #lohnunternehmen #tagderoffenent\u00fcr #landwirtschaft #ausliebezurlandwirtschaft #agrar #teamstrauch #lustrauch #sonntag #derfr\u00fchlingistda #isselburg #kreisborken #johannesjanssengmbh #kalkar #Niederm\u00f6rmter #kreiskleve\"><\/a><\/div>\n    \t\t\t\t\t<a class=\"zoom-instagram-link\" data-src=\"https:\/\/www.strauch-lu.de\/kommunal\/wp-content\/uploads\/sites\/3\/2023\/03\/331570829_721907839474491_5036257087777879305_n.jpg\" data-mfp-src=\"17991920410718739\" href=\"https:\/\/www.instagram.com\/reel\/CpsCDvtKqhF\/\" target=\"_blank\" rel=\"noopener nofollow\" title=\"Wir freuen uns Euch auch in diesem Jahr wieder auf unserem Fr\u00fchlingsfest \ud83d\udc90\ud83d\ude9cbegr\u00fc\u00dfen zu d\u00fcrfen!\n\nWusstet ihr, dass unser Fr\u00fchlingsfest \ud83d\udc90 Tradition hat?\nSeit 2002 findet es immer am 3. Sonntag im M\u00e4rz statt!\n\nHier zeigen wir Euch einen sch\u00f6ne Zusammenfassung vom letzten Fr\u00fchlingsfest!\n\n\ud83d\udcfd @marcs_agritec_droneworld \n\n#fr\u00fchlingsfest2022 #fr\u00fchlingsfest2023 #agrarservicestrauch #lohnunternehmen #tagderoffenent\u00fcr #landwirtschaft #ausliebezurlandwirtschaft #agrar #teamstrauch #lustrauch #sonntag #derfr\u00fchlingistda #isselburg #kreisborken #johannesjanssengmbh #kalkar #Niederm\u00f6rmter #kreiskleve\"><\/a>\n    \t\t\t\t\t<\/div><\/div><\/li><li class=\"zoom-instagram-widget__item media-icons-normal media-icons-hover\" data-media-type=\"image\"><div class=\"zoom-instagram-widget__item-inner-wrap\"><img class=\"zoom-instagram-link zoom-instagram-link-new\"  data-src=\"https:\/\/www.strauch-lu.de\/kommunal\/wp-content\/uploads\/sites\/3\/2023\/03\/332524338_174428698685984_3304005073839513961_n.jpg\" width=\"1368\" height=\"1368\" alt=\"Der Fr\u00fchling hat bei uns Einzug gehalten und wir freuen uns auf das Fr\u00fchlingsfest 2023 \ud83d\udc90\ud83d\ude9c\n\nBesucht uns am 19.M\u00e4rz 2023 ab 11 Uhr auf der Industriestra\u00dfe 10a in 46419 Isselburg \n\nEs erwartet Euch eine gro\u00dfe Maschinenausstellung \ud83d\ude9c, Kinderattraktionen \ud83c\udfb2\ud83e\udde9\ud83e\uddf8 und f\u00fcr das leibliches Wohl ist ebenfalls gesorgt \ud83c\udf7b\ud83c\udf5f\u2615\ud83c\udf70 \n\nWir freuen uns auf euer Kommen\/auf ein Wiedersehen!\n\nEuer Team der Agrar-Service Strauch GmbH\n\n#fr\u00fchlingsfest2023 #agrarservicestrauch #lohnunternehmen #tagderoffenent\u00fcr #landwirtschaft #ausliebezurlandwirtschaft #agrar #teamstrauch #lustrauch #sonntag #derfr\u00fchlingistda #isselburg #kreisborken #johannesjanssengmbh #kalkar #Niederm\u00f6rmter #kreiskleve\" \/><div class=\"hover-layout zoom-instagram-widget__overlay zoom-instagram-widget__black \"><div class=\"zoom-instagram-icon-wrap\"><a class=\"zoom-svg-instagram-stroke\" href=\"https:\/\/www.instagram.com\/p\/Cpm9rMYKsHG\/\" rel=\"noopener nofollow\" target=\"_blank\" title=\"Der Fr\u00fchling hat bei uns Einzug gehalten und wir freuen uns auf das Fr\u00fchlingsfest 2023 \ud83d\udc90\ud83d\ude9c\n\nBesucht uns am 19.M\u00e4rz 2023 ab 11 Uhr auf der Industriestra\u00dfe 10a in 46419 Isselburg \n\nEs erwartet Euch eine gro\u00dfe Maschinenausstellung \ud83d\ude9c, Kinderattraktionen \ud83c\udfb2\ud83e\udde9\ud83e\uddf8 und f\u00fcr das leibliches Wohl ist ebenfalls gesorgt \ud83c\udf7b\ud83c\udf5f\u2615\ud83c\udf70 \n\nWir freuen uns auf euer Kommen\/auf ein Wiedersehen!\n\nEuer Team der Agrar-Service Strauch GmbH\n\n#fr\u00fchlingsfest2023 #agrarservicestrauch #lohnunternehmen #tagderoffenent\u00fcr #landwirtschaft #ausliebezurlandwirtschaft #agrar #teamstrauch #lustrauch #sonntag #derfr\u00fchlingistda #isselburg #kreisborken #johannesjanssengmbh #kalkar #Niederm\u00f6rmter #kreiskleve\"><\/a><\/div>\n    \t\t\t\t\t<a class=\"zoom-instagram-link\" data-src=\"https:\/\/www.strauch-lu.de\/kommunal\/wp-content\/uploads\/sites\/3\/2023\/03\/332524338_174428698685984_3304005073839513961_n.jpg\" data-mfp-src=\"17859576020910242\" href=\"https:\/\/www.instagram.com\/p\/Cpm9rMYKsHG\/\" target=\"_blank\" rel=\"noopener nofollow\" title=\"Der Fr\u00fchling hat bei uns Einzug gehalten und wir freuen uns auf das Fr\u00fchlingsfest 2023 \ud83d\udc90\ud83d\ude9c\n\nBesucht uns am 19.M\u00e4rz 2023 ab 11 Uhr auf der Industriestra\u00dfe 10a in 46419 Isselburg \n\nEs erwartet Euch eine gro\u00dfe Maschinenausstellung \ud83d\ude9c, Kinderattraktionen \ud83c\udfb2\ud83e\udde9\ud83e\uddf8 und f\u00fcr das leibliches Wohl ist ebenfalls gesorgt \ud83c\udf7b\ud83c\udf5f\u2615\ud83c\udf70 \n\nWir freuen uns auf euer Kommen\/auf ein Wiedersehen!\n\nEuer Team der Agrar-Service Strauch GmbH\n\n#fr\u00fchlingsfest2023 #agrarservicestrauch #lohnunternehmen #tagderoffenent\u00fcr #landwirtschaft #ausliebezurlandwirtschaft #agrar #teamstrauch #lustrauch #sonntag #derfr\u00fchlingistda #isselburg #kreisborken #johannesjanssengmbh #kalkar #Niederm\u00f6rmter #kreiskleve\"><\/a>\n    \t\t\t\t\t<\/div><\/div><\/li><li class=\"zoom-instagram-widget__item media-icons-normal media-icons-hover\" data-media-type=\"image\"><div class=\"zoom-instagram-widget__item-inner-wrap\"><img class=\"zoom-instagram-link zoom-instagram-link-new\"  data-src=\"https:\/\/www.strauch-lu.de\/kommunal\/wp-content\/uploads\/sites\/3\/2023\/03\/331661095_753829912599549_1826443691592090696_n.jpg\" width=\"1061\" height=\"1061\" alt=\"Wir w\u00fcnschen allen KarnevalistInnen, Jecken, N\u00e4rrInnen sch\u00f6ne, tolle und erfreuliche Karnevalstage \ud83e\uddb8\ud83c\udffb\u200d\u2642\ufe0f\ud83e\uddb8\ud83c\udffb\u200d\u2640\ufe0f \n\nSeit ihr Team Helau oder Team Alaaf..?! \n\n#karneval #karneval2023 #jetzjeitetloss #lohnunternehmen #agrarservicestrauch #landwirtschaft #johannesjanssengmbh #teamstrauch #teamhelau #teamalaaf #jeckenzeit #f\u00fcnftejahreszeit #narren #n\u00e4rrinnen #karnevalisten\" \/><div class=\"hover-layout zoom-instagram-widget__overlay zoom-instagram-widget__black \"><div class=\"zoom-instagram-icon-wrap\"><a class=\"zoom-svg-instagram-stroke\" href=\"https:\/\/www.instagram.com\/p\/CouLmIxKxa1\/\" rel=\"noopener nofollow\" target=\"_blank\" title=\"Wir w\u00fcnschen allen KarnevalistInnen, Jecken, N\u00e4rrInnen sch\u00f6ne, tolle und erfreuliche Karnevalstage \ud83e\uddb8\ud83c\udffb\u200d\u2642\ufe0f\ud83e\uddb8\ud83c\udffb\u200d\u2640\ufe0f \n\nSeit ihr Team Helau oder Team Alaaf..?! \n\n#karneval #karneval2023 #jetzjeitetloss #lohnunternehmen #agrarservicestrauch #landwirtschaft #johannesjanssengmbh #teamstrauch #teamhelau #teamalaaf #jeckenzeit #f\u00fcnftejahreszeit #narren #n\u00e4rrinnen #karnevalisten\"><\/a><\/div>\n    \t\t\t\t\t<a class=\"zoom-instagram-link\" data-src=\"https:\/\/www.strauch-lu.de\/kommunal\/wp-content\/uploads\/sites\/3\/2023\/03\/331661095_753829912599549_1826443691592090696_n.jpg\" data-mfp-src=\"17956441931383252\" href=\"https:\/\/www.instagram.com\/p\/CouLmIxKxa1\/\" target=\"_blank\" rel=\"noopener nofollow\" title=\"Wir w\u00fcnschen allen KarnevalistInnen, Jecken, N\u00e4rrInnen sch\u00f6ne, tolle und erfreuliche Karnevalstage \ud83e\uddb8\ud83c\udffb\u200d\u2642\ufe0f\ud83e\uddb8\ud83c\udffb\u200d\u2640\ufe0f \n\nSeit ihr Team Helau oder Team Alaaf..?! \n\n#karneval #karneval2023 #jetzjeitetloss #lohnunternehmen #agrarservicestrauch #landwirtschaft #johannesjanssengmbh #teamstrauch #teamhelau #teamalaaf #jeckenzeit #f\u00fcnftejahreszeit #narren #n\u00e4rrinnen #karnevalisten\"><\/a>\n    \t\t\t\t\t<\/div><\/div><\/li><li class=\"zoom-instagram-widget__item media-icons-normal media-icons-hover\" data-media-type=\"carousel_album\"><div class=\"zoom-instagram-widget__item-inner-wrap\"><img class=\"zoom-instagram-link zoom-instagram-link-new\"  data-src=\"https:\/\/www.strauch-lu.de\/kommunal\/wp-content\/uploads\/sites\/3\/2023\/03\/328156927_875636716887321_706741758584452988_n.jpg\" width=\"1440\" height=\"1440\" alt=\"Die Cultan-D\u00fcngersaison 2023 ist hiermit offiziell er\u00f6ffnet \ud83d\udea8\ud83c\udf31\n\nBei Interesse k\u00f6nnen Sie sich gerne unter \ud83d\udcde02874 2585 oder \ud83d\udcde 02824 92390\n\n#d\u00fcngesaison2023 #d\u00fcngung #d\u00fcnger #fl\u00fcssigd\u00fcngerausbringen #fl\u00fcssigd\u00fcnger #injektor #duport #masseyferguson #cultan #injektieren #lustrauch #teamstrauch #agrarservicestrauch #agrar #ausliebezurlandwirtschaft #lustrauch #johannesjanssengmbh #isselburg #rees #niederm\u00f6rmter #kreisborken #kreiskleve #kreiswesel #strauchgmbh #strauchgruppe #landwirtschaft #aufdemwegzuzufriedenenkunden\" \/><div class=\"hover-layout zoom-instagram-widget__overlay zoom-instagram-widget__black \"><svg class=\"svg-icon\" shape-rendering=\"geometricPrecision\"><use xlink:href=\"https:\/\/www.strauch-lu.de\/kommunal\/wp-content\/plugins\/instagram-widget-by-wpzoom\/dist\/images\/frontend\/wpzoom-instagram-icons.svg#carousel_album\"><\/use><\/svg><div class=\"zoom-instagram-icon-wrap\"><a class=\"zoom-svg-instagram-stroke\" href=\"https:\/\/www.instagram.com\/p\/CortMGMKfah\/\" rel=\"noopener nofollow\" target=\"_blank\" title=\"Die Cultan-D\u00fcngersaison 2023 ist hiermit offiziell er\u00f6ffnet \ud83d\udea8\ud83c\udf31\n\nBei Interesse k\u00f6nnen Sie sich gerne unter \ud83d\udcde02874 2585 oder \ud83d\udcde 02824 92390\n\n#d\u00fcngesaison2023 #d\u00fcngung #d\u00fcnger #fl\u00fcssigd\u00fcngerausbringen #fl\u00fcssigd\u00fcnger #injektor #duport #masseyferguson #cultan #injektieren #lustrauch #teamstrauch #agrarservicestrauch #agrar #ausliebezurlandwirtschaft #lustrauch #johannesjanssengmbh #isselburg #rees #niederm\u00f6rmter #kreisborken #kreiskleve #kreiswesel #strauchgmbh #strauchgruppe #landwirtschaft #aufdemwegzuzufriedenenkunden\"><\/a><\/div>\n    \t\t\t\t\t<a class=\"zoom-instagram-link\" data-src=\"https:\/\/www.strauch-lu.de\/kommunal\/wp-content\/uploads\/sites\/3\/2023\/03\/328156927_875636716887321_706741758584452988_n.jpg\" data-mfp-src=\"18245004202194529\" href=\"https:\/\/www.instagram.com\/p\/CortMGMKfah\/\" target=\"_blank\" rel=\"noopener nofollow\" title=\"Die Cultan-D\u00fcngersaison 2023 ist hiermit offiziell er\u00f6ffnet \ud83d\udea8\ud83c\udf31\n\nBei Interesse k\u00f6nnen Sie sich gerne unter \ud83d\udcde02874 2585 oder \ud83d\udcde 02824 92390\n\n#d\u00fcngesaison2023 #d\u00fcngung #d\u00fcnger #fl\u00fcssigd\u00fcngerausbringen #fl\u00fcssigd\u00fcnger #injektor #duport #masseyferguson #cultan #injektieren #lustrauch #teamstrauch #agrarservicestrauch #agrar #ausliebezurlandwirtschaft #lustrauch #johannesjanssengmbh #isselburg #rees #niederm\u00f6rmter #kreisborken #kreiskleve #kreiswesel #strauchgmbh #strauchgruppe #landwirtschaft #aufdemwegzuzufriedenenkunden\"><\/a>\n    \t\t\t\t\t<\/div><\/div><\/li><li class=\"zoom-instagram-widget__item media-icons-normal media-icons-hover\" data-media-type=\"carousel_album\"><div class=\"zoom-instagram-widget__item-inner-wrap\"><img class=\"zoom-instagram-link zoom-instagram-link-new\"  data-src=\"https:\/\/www.strauch-lu.de\/kommunal\/wp-content\/uploads\/sites\/3\/2023\/03\/329698033_221623976899304_873243436382568987_n.jpg\" width=\"1440\" height=\"1440\" alt=\"Geh\u00f6lzpflege \ud83c\udf33\n\nUnser Kettenbagger Volvo ECR145EL mit dem Schnitt-Griffy ist flei\u00dfig im Einsatz \ud83d\udea8\n\nBis zum 28.02.2023 d\u00fcrfen noch B\u00e4ume gef\u00e4llet, sowie Hecken und Str\u00e4ucher geschnitten werden. Wir sind und bleiben bis dahin flei\u00dfig im Einsatz\ud83d\udc77\ud83c\udffb\n\n#volvoecr145el #volvo #erc145el #raupenbagger #baggerarbeiten #bagger #kettenbagger #geh\u00f6lzpflege #schnittgriffy #pflege #baumpflege #baumaschine #lohnunternehmen #lustrauch #lohner #agrar #landwirtschaft #aufdemwegzuzufriedenenkunden #ausliebezurlandwirtschaft #agrarservicestrauch #johannesjanssengmbh #kommunalarbeiten #kreisborken #isselburg #kreiskleve #Niederm\u00f6rmter #rees\" \/><div class=\"hover-layout zoom-instagram-widget__overlay zoom-instagram-widget__black \"><svg class=\"svg-icon\" shape-rendering=\"geometricPrecision\"><use xlink:href=\"https:\/\/www.strauch-lu.de\/kommunal\/wp-content\/plugins\/instagram-widget-by-wpzoom\/dist\/images\/frontend\/wpzoom-instagram-icons.svg#carousel_album\"><\/use><\/svg><div class=\"zoom-instagram-icon-wrap\"><a class=\"zoom-svg-instagram-stroke\" href=\"https:\/\/www.instagram.com\/p\/Coct4IBqoSk\/\" rel=\"noopener nofollow\" target=\"_blank\" title=\"Geh\u00f6lzpflege \ud83c\udf33\n\nUnser Kettenbagger Volvo ECR145EL mit dem Schnitt-Griffy ist flei\u00dfig im Einsatz \ud83d\udea8\n\nBis zum 28.02.2023 d\u00fcrfen noch B\u00e4ume gef\u00e4llet, sowie Hecken und Str\u00e4ucher geschnitten werden. Wir sind und bleiben bis dahin flei\u00dfig im Einsatz\ud83d\udc77\ud83c\udffb\n\n#volvoecr145el #volvo #erc145el #raupenbagger #baggerarbeiten #bagger #kettenbagger #geh\u00f6lzpflege #schnittgriffy #pflege #baumpflege #baumaschine #lohnunternehmen #lustrauch #lohner #agrar #landwirtschaft #aufdemwegzuzufriedenenkunden #ausliebezurlandwirtschaft #agrarservicestrauch #johannesjanssengmbh #kommunalarbeiten #kreisborken #isselburg #kreiskleve #Niederm\u00f6rmter #rees\"><\/a><\/div>\n    \t\t\t\t\t<a class=\"zoom-instagram-link\" data-src=\"https:\/\/www.strauch-lu.de\/kommunal\/wp-content\/uploads\/sites\/3\/2023\/03\/329698033_221623976899304_873243436382568987_n.jpg\" data-mfp-src=\"17868334478849126\" href=\"https:\/\/www.instagram.com\/p\/Coct4IBqoSk\/\" target=\"_blank\" rel=\"noopener nofollow\" title=\"Geh\u00f6lzpflege \ud83c\udf33\n\nUnser Kettenbagger Volvo ECR145EL mit dem Schnitt-Griffy ist flei\u00dfig im Einsatz \ud83d\udea8\n\nBis zum 28.02.2023 d\u00fcrfen noch B\u00e4ume gef\u00e4llet, sowie Hecken und Str\u00e4ucher geschnitten werden. Wir sind und bleiben bis dahin flei\u00dfig im Einsatz\ud83d\udc77\ud83c\udffb\n\n#volvoecr145el #volvo #erc145el #raupenbagger #baggerarbeiten #bagger #kettenbagger #geh\u00f6lzpflege #schnittgriffy #pflege #baumpflege #baumaschine #lohnunternehmen #lustrauch #lohner #agrar #landwirtschaft #aufdemwegzuzufriedenenkunden #ausliebezurlandwirtschaft #agrarservicestrauch #johannesjanssengmbh #kommunalarbeiten #kreisborken #isselburg #kreiskleve #Niederm\u00f6rmter #rees\"><\/a>\n    \t\t\t\t\t<\/div><\/div><\/li><li class=\"zoom-instagram-widget__item media-icons-normal media-icons-hover\" data-media-type=\"carousel_album\"><div class=\"zoom-instagram-widget__item-inner-wrap\"><img class=\"zoom-instagram-link zoom-instagram-link-new\"  data-src=\"https:\/\/www.strauch-lu.de\/kommunal\/wp-content\/uploads\/sites\/3\/2023\/03\/327320933_209485981573072_7216919305829812256_n.jpg\" width=\"1440\" height=\"1440\" alt=\"Neues Jahr \u27a1\ufe0f Neue Baustelle \ud83d\udc77\ud83c\udffb\ud83d\ude9b\n\n#transportarbeiten #transport #sch\u00fcttg\u00fcter #baggerarbeiten #walzenzug #walze #lkw #lastkraftwagen #kippauflieger #carnehl #bomag #baustelle #mansattelzug #bagger #volvoew160e #agrarservicestrauch #lohnunternehmen #teamstrauch #lustrauch #rees #millingen #kreiskleve #Isselburg #kreisborken #johannssjanssengmbh #kalkar #kreiskleve #agrar\" \/><div class=\"hover-layout zoom-instagram-widget__overlay zoom-instagram-widget__black \"><svg class=\"svg-icon\" shape-rendering=\"geometricPrecision\"><use xlink:href=\"https:\/\/www.strauch-lu.de\/kommunal\/wp-content\/plugins\/instagram-widget-by-wpzoom\/dist\/images\/frontend\/wpzoom-instagram-icons.svg#carousel_album\"><\/use><\/svg><div class=\"zoom-instagram-icon-wrap\"><a class=\"zoom-svg-instagram-stroke\" href=\"https:\/\/www.instagram.com\/p\/Cn64ryRKxWF\/\" rel=\"noopener nofollow\" target=\"_blank\" title=\"Neues Jahr \u27a1\ufe0f Neue Baustelle \ud83d\udc77\ud83c\udffb\ud83d\ude9b\n\n#transportarbeiten #transport #sch\u00fcttg\u00fcter #baggerarbeiten #walzenzug #walze #lkw #lastkraftwagen #kippauflieger #carnehl #bomag #baustelle #mansattelzug #bagger #volvoew160e #agrarservicestrauch #lohnunternehmen #teamstrauch #lustrauch #rees #millingen #kreiskleve #Isselburg #kreisborken #johannssjanssengmbh #kalkar #kreiskleve #agrar\"><\/a><\/div>\n    \t\t\t\t\t<a class=\"zoom-instagram-link\" data-src=\"https:\/\/www.strauch-lu.de\/kommunal\/wp-content\/uploads\/sites\/3\/2023\/03\/327320933_209485981573072_7216919305829812256_n.jpg\" data-mfp-src=\"18034264951432704\" href=\"https:\/\/www.instagram.com\/p\/Cn64ryRKxWF\/\" target=\"_blank\" rel=\"noopener nofollow\" title=\"Neues Jahr \u27a1\ufe0f Neue Baustelle \ud83d\udc77\ud83c\udffb\ud83d\ude9b\n\n#transportarbeiten #transport #sch\u00fcttg\u00fcter #baggerarbeiten #walzenzug #walze #lkw #lastkraftwagen #kippauflieger #carnehl #bomag #baustelle #mansattelzug #bagger #volvoew160e #agrarservicestrauch #lohnunternehmen #teamstrauch #lustrauch #rees #millingen #kreiskleve #Isselburg #kreisborken #johannssjanssengmbh #kalkar #kreiskleve #agrar\"><\/a>\n    \t\t\t\t\t<\/div><\/div><\/li><\/ul><\/div><div class=\"zoom-instagram-widget__footer\"><a href=\"https:\/\/www.instagram.com\/strauch_gruppe\" target=\"_blank\" rel=\"noopener nofollow\" class=\"wpz-button wpz-button-primary wpz-insta-view-on-insta-button\"><span class=\"button-icon zoom-svg-instagram-stroke\"><\/span> View on Instagram<\/a><\/div><div class=\"wpz-insta-lightbox-wrapper mfp-hide\"><div class=\"swiper\"><div class=\"swiper-wrapper\"><div data-uid=\"18008735596594728\" class=\"swiper-slide wpz-insta-lightbox-item\"><div class=\"wpz-insta-lightbox\"><div class=\"image-wrapper\"><div class=\"swiper\" style=\"height: 100%;\"><div class=\"swiper-wrapper wpz-insta-album-images\"><div class=\"swiper-slide wpz-insta-album-image\" data-media-type=\"image\"><img class=\"wpzoom-swiper-image swiper-lazy\" data-src=\"https:\/\/scontent-fra3-1.cdninstagram.com\/v\/t51.29350-15\/336512654_244341477940968_3112214463619371862_n.webp?stp=dst-jpg&#038;_nc_cat=101&#038;ccb=1-7&#038;_nc_sid=8ae9d6&#038;_nc_ohc=O5C5uSZaj9wAX-oDQu2&#038;_nc_ht=scontent-fra3-1.cdninstagram.com&#038;edm=ANo9K5cEAAAA&#038;oh=00_AfD2z9JN0-TxbBc36XSp2SEEy2v96xEROWaosL4SiwMhiw&#038;oe=641D8816\" alt=\"Wir sind jetzt so richtig im Fr\u00fchling angekommen.\n\nWas f\u00fcr ein toller Tag gestern. \n\nDanke f\u00fcr das sch\u00f6ne Fr\u00fchlingsfest 2023!\n\nDer Platz ist wieder leer ger\u00e4umt  und wir m\u00f6chten Euch schon ein paar beeindruckende Impressionen von gestern zeigen!\n\nDanke @marcs_agritec_droneworld, dass du uns begleitest.\n\n#fr\u00fchlingsfest2023 #agrarservicestrauch #lohnunternehmen #tagderoffenent\u00fcr #landwirtschaft #ausliebezurlandwirtschaft #agrar #teamstrauch #lustrauch #sonntag #derfr\u00fchlingistda #isselburg #kreisborken #johannesjanssengmbh #kalkar #Niederm\u00f6rmter #kreiskleve\"\/><div class=\"swiper-lazy-preloader swiper-lazy-preloader-white\"><\/div><\/div><div class=\"swiper-slide wpz-insta-album-image\" data-media-type=\"image\"><img class=\"wpzoom-swiper-image swiper-lazy\" data-src=\"https:\/\/scontent-fra3-1.cdninstagram.com\/v\/t51.29350-15\/336512557_144032114988428_615786285179210913_n.webp?stp=dst-jpg&#038;_nc_cat=102&#038;ccb=1-7&#038;_nc_sid=8ae9d6&#038;_nc_ohc=NLmoNZy-Q8wAX8gLfFc&#038;_nc_ht=scontent-fra3-1.cdninstagram.com&#038;edm=ANo9K5cEAAAA&#038;oh=00_AfDOaqK9s8pU562CW5Ar2eQeisKy9iIzlZ81EWke127G2A&#038;oe=641D0A53\" alt=\"Wir sind jetzt so richtig im Fr\u00fchling angekommen.\n\nWas f\u00fcr ein toller Tag gestern. \n\nDanke f\u00fcr das sch\u00f6ne Fr\u00fchlingsfest 2023!\n\nDer Platz ist wieder leer ger\u00e4umt  und wir m\u00f6chten Euch schon ein paar beeindruckende Impressionen von gestern zeigen!\n\nDanke @marcs_agritec_droneworld, dass du uns begleitest.\n\n#fr\u00fchlingsfest2023 #agrarservicestrauch #lohnunternehmen #tagderoffenent\u00fcr #landwirtschaft #ausliebezurlandwirtschaft #agrar #teamstrauch #lustrauch #sonntag #derfr\u00fchlingistda #isselburg #kreisborken #johannesjanssengmbh #kalkar #Niederm\u00f6rmter #kreiskleve\"\/><div class=\"swiper-lazy-preloader swiper-lazy-preloader-white\"><\/div><\/div><div class=\"swiper-slide wpz-insta-album-image\" data-media-type=\"image\"><img class=\"wpzoom-swiper-image swiper-lazy\" data-src=\"https:\/\/scontent-frt3-2.cdninstagram.com\/v\/t51.29350-15\/333421865_3378247209099967_6023516893219461253_n.webp?stp=dst-jpg&#038;_nc_cat=108&#038;ccb=1-7&#038;_nc_sid=8ae9d6&#038;_nc_ohc=7XJ8Dju3oFUAX_U5J--&#038;_nc_ht=scontent-frt3-2.cdninstagram.com&#038;edm=ANo9K5cEAAAA&#038;oh=00_AfAiTVxfTJl95iBicjAFPTDYRvva-gaethjytTa3f8yoFQ&#038;oe=641CB9D1\" alt=\"Wir sind jetzt so richtig im Fr\u00fchling angekommen.\n\nWas f\u00fcr ein toller Tag gestern. \n\nDanke f\u00fcr das sch\u00f6ne Fr\u00fchlingsfest 2023!\n\nDer Platz ist wieder leer ger\u00e4umt  und wir m\u00f6chten Euch schon ein paar beeindruckende Impressionen von gestern zeigen!\n\nDanke @marcs_agritec_droneworld, dass du uns begleitest.\n\n#fr\u00fchlingsfest2023 #agrarservicestrauch #lohnunternehmen #tagderoffenent\u00fcr #landwirtschaft #ausliebezurlandwirtschaft #agrar #teamstrauch #lustrauch #sonntag #derfr\u00fchlingistda #isselburg #kreisborken #johannesjanssengmbh #kalkar #Niederm\u00f6rmter #kreiskleve\"\/><div class=\"swiper-lazy-preloader swiper-lazy-preloader-white\"><\/div><\/div><div class=\"swiper-slide wpz-insta-album-image\" data-media-type=\"image\"><img class=\"wpzoom-swiper-image swiper-lazy\" data-src=\"https:\/\/scontent-frt3-2.cdninstagram.com\/v\/t51.29350-15\/336933777_911183686869742_98637544389736543_n.webp?stp=dst-jpg&#038;_nc_cat=110&#038;ccb=1-7&#038;_nc_sid=8ae9d6&#038;_nc_ohc=xtX4HI8ls7QAX-O8CMS&#038;_nc_ht=scontent-frt3-2.cdninstagram.com&#038;edm=ANo9K5cEAAAA&#038;oh=00_AfB2bl6UoXVA_qd4uFDs0J9oK7XQuUH_XC6tFHe8yXbngA&#038;oe=641E128D\" alt=\"Wir sind jetzt so richtig im Fr\u00fchling angekommen.\n\nWas f\u00fcr ein toller Tag gestern. \n\nDanke f\u00fcr das sch\u00f6ne Fr\u00fchlingsfest 2023!\n\nDer Platz ist wieder leer ger\u00e4umt  und wir m\u00f6chten Euch schon ein paar beeindruckende Impressionen von gestern zeigen!\n\nDanke @marcs_agritec_droneworld, dass du uns begleitest.\n\n#fr\u00fchlingsfest2023 #agrarservicestrauch #lohnunternehmen #tagderoffenent\u00fcr #landwirtschaft #ausliebezurlandwirtschaft #agrar #teamstrauch #lustrauch #sonntag #derfr\u00fchlingistda #isselburg #kreisborken #johannesjanssengmbh #kalkar #Niederm\u00f6rmter #kreiskleve\"\/><div class=\"swiper-lazy-preloader swiper-lazy-preloader-white\"><\/div><\/div><div class=\"swiper-slide wpz-insta-album-image\" data-media-type=\"image\"><img class=\"wpzoom-swiper-image swiper-lazy\" data-src=\"https:\/\/scontent-frt3-2.cdninstagram.com\/v\/t51.29350-15\/337081800_969797680672649_6940007411225161960_n.webp?stp=dst-jpg&#038;_nc_cat=100&#038;ccb=1-7&#038;_nc_sid=8ae9d6&#038;_nc_ohc=ePJS6ibV0JgAX8P9jMA&#038;_nc_ht=scontent-frt3-2.cdninstagram.com&#038;edm=ANo9K5cEAAAA&#038;oh=00_AfBkPRkYSwvNoFfwu_s1gbjUj3XORpKqTvZjubp0OMKzpw&#038;oe=641D16DD\" alt=\"Wir sind jetzt so richtig im Fr\u00fchling angekommen.\n\nWas f\u00fcr ein toller Tag gestern. \n\nDanke f\u00fcr das sch\u00f6ne Fr\u00fchlingsfest 2023!\n\nDer Platz ist wieder leer ger\u00e4umt  und wir m\u00f6chten Euch schon ein paar beeindruckende Impressionen von gestern zeigen!\n\nDanke @marcs_agritec_droneworld, dass du uns begleitest.\n\n#fr\u00fchlingsfest2023 #agrarservicestrauch #lohnunternehmen #tagderoffenent\u00fcr #landwirtschaft #ausliebezurlandwirtschaft #agrar #teamstrauch #lustrauch #sonntag #derfr\u00fchlingistda #isselburg #kreisborken #johannesjanssengmbh #kalkar #Niederm\u00f6rmter #kreiskleve\"\/><div class=\"swiper-lazy-preloader swiper-lazy-preloader-white\"><\/div><\/div><div class=\"swiper-slide wpz-insta-album-image\" data-media-type=\"image\"><img class=\"wpzoom-swiper-image swiper-lazy\" data-src=\"https:\/\/scontent-frt3-2.cdninstagram.com\/v\/t51.29350-15\/336284477_716899780112763_3661074983970972813_n.webp?stp=dst-jpg&#038;_nc_cat=111&#038;ccb=1-7&#038;_nc_sid=8ae9d6&#038;_nc_ohc=FvQkXEF3laYAX_bAA4f&#038;_nc_ht=scontent-frt3-2.cdninstagram.com&#038;edm=ANo9K5cEAAAA&#038;oh=00_AfDbgeo44jsrcbPHHrl4gSDfNaTS0ACRfjrhCtdWHAg1yg&#038;oe=641CBFB5\" alt=\"Wir sind jetzt so richtig im Fr\u00fchling angekommen.\n\nWas f\u00fcr ein toller Tag gestern. \n\nDanke f\u00fcr das sch\u00f6ne Fr\u00fchlingsfest 2023!\n\nDer Platz ist wieder leer ger\u00e4umt  und wir m\u00f6chten Euch schon ein paar beeindruckende Impressionen von gestern zeigen!\n\nDanke @marcs_agritec_droneworld, dass du uns begleitest.\n\n#fr\u00fchlingsfest2023 #agrarservicestrauch #lohnunternehmen #tagderoffenent\u00fcr #landwirtschaft #ausliebezurlandwirtschaft #agrar #teamstrauch #lustrauch #sonntag #derfr\u00fchlingistda #isselburg #kreisborken #johannesjanssengmbh #kalkar #Niederm\u00f6rmter #kreiskleve\"\/><div class=\"swiper-lazy-preloader swiper-lazy-preloader-white\"><\/div><\/div><div class=\"swiper-slide wpz-insta-album-image\" data-media-type=\"image\"><img class=\"wpzoom-swiper-image swiper-lazy\" data-src=\"https:\/\/scontent-fra3-1.cdninstagram.com\/v\/t51.29350-15\/336323482_1875535142813320_5104828495905875017_n.webp?stp=dst-jpg&#038;_nc_cat=104&#038;ccb=1-7&#038;_nc_sid=8ae9d6&#038;_nc_ohc=vhKwptqzerMAX-hL5I-&#038;_nc_ht=scontent-fra3-1.cdninstagram.com&#038;edm=ANo9K5cEAAAA&#038;oh=00_AfCViuDJXAiOoOIMIJ3rFQMO6bBsdCA5PIAKzBR1j_U3dg&#038;oe=641D55CB\" alt=\"Wir sind jetzt so richtig im Fr\u00fchling angekommen.\n\nWas f\u00fcr ein toller Tag gestern. \n\nDanke f\u00fcr das sch\u00f6ne Fr\u00fchlingsfest 2023!\n\nDer Platz ist wieder leer ger\u00e4umt  und wir m\u00f6chten Euch schon ein paar beeindruckende Impressionen von gestern zeigen!\n\nDanke @marcs_agritec_droneworld, dass du uns begleitest.\n\n#fr\u00fchlingsfest2023 #agrarservicestrauch #lohnunternehmen #tagderoffenent\u00fcr #landwirtschaft #ausliebezurlandwirtschaft #agrar #teamstrauch #lustrauch #sonntag #derfr\u00fchlingistda #isselburg #kreisborken #johannesjanssengmbh #kalkar #Niederm\u00f6rmter #kreiskleve\"\/><div class=\"swiper-lazy-preloader swiper-lazy-preloader-white\"><\/div><\/div><div class=\"swiper-slide wpz-insta-album-image\" data-media-type=\"image\"><img class=\"wpzoom-swiper-image swiper-lazy\" data-src=\"https:\/\/scontent-fra5-2.cdninstagram.com\/v\/t51.29350-15\/336246646_931350161244063_8276844689636826055_n.webp?stp=dst-jpg&#038;_nc_cat=106&#038;ccb=1-7&#038;_nc_sid=8ae9d6&#038;_nc_ohc=y1-IOULeXfQAX94_YAx&#038;_nc_ht=scontent-fra5-2.cdninstagram.com&#038;edm=ANo9K5cEAAAA&#038;oh=00_AfB51aa6YjiwONVXAAx5VqkuhA_teWPHXCSDFKHgOUo0rQ&#038;oe=641D3146\" alt=\"Wir sind jetzt so richtig im Fr\u00fchling angekommen.\n\nWas f\u00fcr ein toller Tag gestern. \n\nDanke f\u00fcr das sch\u00f6ne Fr\u00fchlingsfest 2023!\n\nDer Platz ist wieder leer ger\u00e4umt  und wir m\u00f6chten Euch schon ein paar beeindruckende Impressionen von gestern zeigen!\n\nDanke @marcs_agritec_droneworld, dass du uns begleitest.\n\n#fr\u00fchlingsfest2023 #agrarservicestrauch #lohnunternehmen #tagderoffenent\u00fcr #landwirtschaft #ausliebezurlandwirtschaft #agrar #teamstrauch #lustrauch #sonntag #derfr\u00fchlingistda #isselburg #kreisborken #johannesjanssengmbh #kalkar #Niederm\u00f6rmter #kreiskleve\"\/><div class=\"swiper-lazy-preloader swiper-lazy-preloader-white\"><\/div><\/div><div class=\"swiper-slide wpz-insta-album-image\" data-media-type=\"image\"><img class=\"wpzoom-swiper-image swiper-lazy\" data-src=\"https:\/\/scontent-frt3-2.cdninstagram.com\/v\/t51.29350-15\/336331988_1266288920978536_7581766485762291051_n.webp?stp=dst-jpg&#038;_nc_cat=111&#038;ccb=1-7&#038;_nc_sid=8ae9d6&#038;_nc_ohc=wHJ8DdP7J74AX9wGL0k&#038;_nc_ht=scontent-frt3-2.cdninstagram.com&#038;edm=ANo9K5cEAAAA&#038;oh=00_AfBb_InrkBCdqOUzoNTTP1FdjgVkXGQWBFEQNhBACbSzVg&#038;oe=641DEF14\" alt=\"Wir sind jetzt so richtig im Fr\u00fchling angekommen.\n\nWas f\u00fcr ein toller Tag gestern. \n\nDanke f\u00fcr das sch\u00f6ne Fr\u00fchlingsfest 2023!\n\nDer Platz ist wieder leer ger\u00e4umt  und wir m\u00f6chten Euch schon ein paar beeindruckende Impressionen von gestern zeigen!\n\nDanke @marcs_agritec_droneworld, dass du uns begleitest.\n\n#fr\u00fchlingsfest2023 #agrarservicestrauch #lohnunternehmen #tagderoffenent\u00fcr #landwirtschaft #ausliebezurlandwirtschaft #agrar #teamstrauch #lustrauch #sonntag #derfr\u00fchlingistda #isselburg #kreisborken #johannesjanssengmbh #kalkar #Niederm\u00f6rmter #kreiskleve\"\/><div class=\"swiper-lazy-preloader swiper-lazy-preloader-white\"><\/div><\/div><div class=\"swiper-slide wpz-insta-album-image\" data-media-type=\"image\"><img class=\"wpzoom-swiper-image swiper-lazy\" data-src=\"https:\/\/scontent-frt3-2.cdninstagram.com\/v\/t51.29350-15\/336479507_237847422036758_6644978295478860522_n.webp?stp=dst-jpg&#038;_nc_cat=100&#038;ccb=1-7&#038;_nc_sid=8ae9d6&#038;_nc_ohc=4ahi2DnD-lsAX_NI9Zc&#038;_nc_ht=scontent-frt3-2.cdninstagram.com&#038;edm=ANo9K5cEAAAA&#038;oh=00_AfCnINB6Y0zVHWcB7_4bmdIBLNfonZqhRZSsfQdoMKu9EA&#038;oe=641E2752\" alt=\"Wir sind jetzt so richtig im Fr\u00fchling angekommen.\n\nWas f\u00fcr ein toller Tag gestern. \n\nDanke f\u00fcr das sch\u00f6ne Fr\u00fchlingsfest 2023!\n\nDer Platz ist wieder leer ger\u00e4umt  und wir m\u00f6chten Euch schon ein paar beeindruckende Impressionen von gestern zeigen!\n\nDanke @marcs_agritec_droneworld, dass du uns begleitest.\n\n#fr\u00fchlingsfest2023 #agrarservicestrauch #lohnunternehmen #tagderoffenent\u00fcr #landwirtschaft #ausliebezurlandwirtschaft #agrar #teamstrauch #lustrauch #sonntag #derfr\u00fchlingistda #isselburg #kreisborken #johannesjanssengmbh #kalkar #Niederm\u00f6rmter #kreiskleve\"\/><div class=\"swiper-lazy-preloader swiper-lazy-preloader-white\"><\/div><\/div><\/div><div class=\"swiper-pagination\"><\/div><div class=\"swiper-button-prev\"><\/div><div class=\"swiper-button-next\"><\/div><\/div><\/div>\n\t\t\t\t\t<div class=\"details-wrapper\">\n\t\t\t\t\t<div class=\"wpz-insta-header\">\n\t\t\t\t\t\t<div class=\"wpz-insta-avatar\">\n\t\t\t\t\t\t\t<img src=\"https:\/\/www.strauch-lu.de\/kommunal\/wp-content\/plugins\/instagram-widget-by-wpzoom\/dist\/images\/backend\/icon-insta.png\" alt=\"@strauch_gruppe\" width=\"42\" height=\"42\"\/>\n\t\t\t\t\t\t<\/div>\n\t\t\t\t\t\t<div class=\"wpz-insta-buttons\">\n\t\t\t\t\t\t\t<div class=\"wpz-insta-username\">\n\t\t\t\t\t\t\t\t<a rel=\"noopener\" target=\"_blank\" href=\"https:\/\/instagram.com\/strauch_gruppe\">@strauch_gruppe<\/a>\n\t\t\t\t\t\t\t<\/div>\n\t\t\t\t\t\t\t<div>&bull;<\/div>\n\t\t\t\t\t\t\t<div class=\"wpz-insta-follow\">\n\t\t\t\t\t\t\t\t<a target=\"_blank\" rel=\"noopener\" href=\"https:\/\/instagram.com\/strauch_gruppe?ref=badge\">\n\t\t\t\t\t\t\t\t\tFollow\n\t\t\t\t\t\t\t\t<\/a>\n\t\t\t\t\t\t\t<\/div>\n\t\t\t\t\t\t<\/div>\n\t\t\t\t\t<\/div><div class=\"wpz-insta-caption\">Wir sind jetzt so richtig im Fr\u00fchling angekommen.\n\nWas f\u00fcr ein toller Tag gestern. \n\nDanke f\u00fcr das sch\u00f6ne Fr\u00fchlingsfest 2023!\n\nDer Platz ist wieder leer ger\u00e4umt  und wir m\u00f6chten Euch schon ein paar beeindruckende Impressionen von gestern zeigen!\n\nDanke @marcs_agritec_droneworld, dass du uns begleitest.\n\n#fr\u00fchlingsfest2023 #agrarservicestrauch #lohnunternehmen #tagderoffenent\u00fcr #landwirtschaft #ausliebezurlandwirtschaft #agrar #teamstrauch #lustrauch #sonntag #derfr\u00fchlingistda #isselburg #kreisborken #johannesjanssengmbh #kalkar #Niederm\u00f6rmter #kreiskleve<\/div><div class=\"wpz-insta-date\">3\u00a0Jahren ago<\/div><div class=\"view-post\">\n\t\t\t\t\t<a href=\"https:\/\/www.instagram.com\/p\/CqAf0YrK6JV\/\" target=\"_blank\" rel=\"noopener\"><span class=\"dashicons dashicons-instagram\"><\/span>View on Instagram<\/a>\n\t\t\t\t\t<span class=\"delimiter\">|<\/span>\n\t\t\t\t\t<div class=\"wpz-insta-pagination\">1\/9<\/div>\n\t\t\t\t\t<\/div><\/div><\/div><\/div><div data-uid=\"17897174021775129\" class=\"swiper-slide wpz-insta-lightbox-item\"><div class=\"wpz-insta-lightbox\"><div class=\"image-wrapper\"><video controls muted preload=\"none\" poster=\"https:\/\/www.strauch-lu.de\/kommunal\/wp-content\/uploads\/sites\/3\/2023\/03\/336258109_613926433405849_9123922617983767925_n.jpg\"><source src=\"https:\/\/video-fra5-2.cdninstagram.com\/o1\/v\/t16\/f1\/m82\/4A48BE65D2DCF74BF52513C9441C2E91_video_dashinit.mp4?efg=eyJ2ZW5jb2RlX3RhZyI6InZ0c192b2RfdXJsZ2VuLjcyMC5jbGlwcyJ9&#038;_nc_ht=video-fra5-2.cdninstagram.com&#038;_nc_cat=103&#038;vs=654346979837951_502792179&#038;_nc_vs=HBksFQIYT2lnX3hwdl9yZWVsc19wZXJtYW5lbnRfcHJvZC80QTQ4QkU2NUQyRENGNzRCRjUyNTEzQzk0NDFDMkU5MV92aWRlb19kYXNoaW5pdC5tcDQVAALIAQAVABgkR0VuRjhoTWdCekR6dHJFQ0FQMzFaTm9VWk5FQWJxX0VBQUFGFQICyAEAKAAYABsBiAd1c2Vfb2lsATEVAAAmhNv6kb%2FK5T8VAigCQzMsF0A3AtDlYEGJGBJkYXNoX2Jhc2VsaW5lXzFfdjERAHUAAA%3D%3D&#038;ccb=9-4&#038;oh=00_AfB0OsRUFEyGnRBCYLiz8Few4SUhqXJ_HHlSZ_RI_M82ow&#038;oe=641A2A50&#038;_nc_sid=ea0b6e&#038;_nc_rid=33aa62c599\" type=\"video\/mp4\"\/><\/video><\/div>\n\t\t\t\t\t<div class=\"details-wrapper\">\n\t\t\t\t\t<div class=\"wpz-insta-header\">\n\t\t\t\t\t\t<div class=\"wpz-insta-avatar\">\n\t\t\t\t\t\t\t<img src=\"https:\/\/www.strauch-lu.de\/kommunal\/wp-content\/plugins\/instagram-widget-by-wpzoom\/dist\/images\/backend\/icon-insta.png\" alt=\"@strauch_gruppe\" width=\"42\" height=\"42\"\/>\n\t\t\t\t\t\t<\/div>\n\t\t\t\t\t\t<div class=\"wpz-insta-buttons\">\n\t\t\t\t\t\t\t<div class=\"wpz-insta-username\">\n\t\t\t\t\t\t\t\t<a rel=\"noopener\" target=\"_blank\" href=\"https:\/\/instagram.com\/strauch_gruppe\">@strauch_gruppe<\/a>\n\t\t\t\t\t\t\t<\/div>\n\t\t\t\t\t\t\t<div>&bull;<\/div>\n\t\t\t\t\t\t\t<div class=\"wpz-insta-follow\">\n\t\t\t\t\t\t\t\t<a target=\"_blank\" rel=\"noopener\" href=\"https:\/\/instagram.com\/strauch_gruppe?ref=badge\">\n\t\t\t\t\t\t\t\t\tFollow\n\t\t\t\t\t\t\t\t<\/a>\n\t\t\t\t\t\t\t<\/div>\n\t\t\t\t\t\t<\/div>\n\t\t\t\t\t<\/div><div class=\"wpz-insta-caption\">Wir haben noch ein bisschen Tetris vor uns \ud83d\ude03\n\n#fr\u00fchlingsfest2023 #agrarservicestrauch #lohnunternehmen #tagderoffenent\u00fcr #landwirtschaft #ausliebezurlandwirtschaft #agrar #teamstrauch #lustrauch #sonntag #derfr\u00fchlingistda #isselburg #kreisborken #johannesjanssengmbh #kalkar #Niederm\u00f6rmter #kreiskleve #tetris<\/div><div class=\"wpz-insta-date\">3\u00a0Jahren ago<\/div><div class=\"view-post\">\n\t\t\t\t\t<a href=\"https:\/\/www.instagram.com\/reel\/Cp7aDUDKRA6\/\" target=\"_blank\" rel=\"noopener\"><span class=\"dashicons dashicons-instagram\"><\/span>View on Instagram<\/a>\n\t\t\t\t\t<span class=\"delimiter\">|<\/span>\n\t\t\t\t\t<div class=\"wpz-insta-pagination\">2\/9<\/div>\n\t\t\t\t\t<\/div><\/div><\/div><\/div><div data-uid=\"18236683879092093\" class=\"swiper-slide wpz-insta-lightbox-item\"><div class=\"wpz-insta-lightbox\"><div class=\"image-wrapper\"><img class=\"wpzoom-swiper-image swiper-lazy\" data-src=\"https:\/\/www.strauch-lu.de\/kommunal\/wp-content\/uploads\/sites\/3\/2023\/03\/334781602_763258228562499_2416502528447089178_n.jpg\" alt=\"Hast du schon Pl\u00e4ne f\u00fcr diesen Sommer? \n\nDas letzte Schulhalbjahr steht an\u2026\n\n\u2026und wir suchen f\u00fcr unser Team Verst\u00e4rkung!\n\nWir bieten dir eine umfangreiche Ausbildung in einem landwirtschaftlichen Lohnunternehmen sowie in einem industriellen und kommunalen Betrieb, bei dem es jeden Tag etwas zu tun gibt.\n\nWir freuen uns auf deine aussagekr\u00e4ftige, schriftliche Bewerbung mit Lebenslauf.\n\nWenn du Fragen hast, ruf uns einfach an oder schreib uns eine E-Mail. \n\nWir freuen uns auf dich!\n\n#2023kannkommen #ausbildung2023 #agrarservicestrauch #losgehts #kommunalbetrieb #ausbildung #kauffrauf\u00fcrb\u00fcromanagement #kaufmanmf\u00fcrb\u00fcromanagement #wirliebenlandwirtschaft #johannesjanssengmbh #isselburg #rees #niederm\u00f6rmter #kreisborken #kreiskleve #strauchgmbh #strauchgruppe #landwirtschaft #lohnunternehmen #august2023\"\/><div class=\"swiper-lazy-preloader swiper-lazy-preloader-white\"><\/div><\/div>\n\t\t\t\t\t<div class=\"details-wrapper\">\n\t\t\t\t\t<div class=\"wpz-insta-header\">\n\t\t\t\t\t\t<div class=\"wpz-insta-avatar\">\n\t\t\t\t\t\t\t<img src=\"https:\/\/www.strauch-lu.de\/kommunal\/wp-content\/plugins\/instagram-widget-by-wpzoom\/dist\/images\/backend\/icon-insta.png\" alt=\"@strauch_gruppe\" width=\"42\" height=\"42\"\/>\n\t\t\t\t\t\t<\/div>\n\t\t\t\t\t\t<div class=\"wpz-insta-buttons\">\n\t\t\t\t\t\t\t<div class=\"wpz-insta-username\">\n\t\t\t\t\t\t\t\t<a rel=\"noopener\" target=\"_blank\" href=\"https:\/\/instagram.com\/strauch_gruppe\">@strauch_gruppe<\/a>\n\t\t\t\t\t\t\t<\/div>\n\t\t\t\t\t\t\t<div>&bull;<\/div>\n\t\t\t\t\t\t\t<div class=\"wpz-insta-follow\">\n\t\t\t\t\t\t\t\t<a target=\"_blank\" rel=\"noopener\" href=\"https:\/\/instagram.com\/strauch_gruppe?ref=badge\">\n\t\t\t\t\t\t\t\t\tFollow\n\t\t\t\t\t\t\t\t<\/a>\n\t\t\t\t\t\t\t<\/div>\n\t\t\t\t\t\t<\/div>\n\t\t\t\t\t<\/div><div class=\"wpz-insta-caption\">Hast du schon Pl\u00e4ne f\u00fcr diesen Sommer? \n\nDas letzte Schulhalbjahr steht an\u2026\n\n\u2026und wir suchen f\u00fcr unser Team Verst\u00e4rkung!\n\nWir bieten dir eine umfangreiche Ausbildung in einem landwirtschaftlichen Lohnunternehmen sowie in einem industriellen und kommunalen Betrieb, bei dem es jeden Tag etwas zu tun gibt.\n\nWir freuen uns auf deine aussagekr\u00e4ftige, schriftliche Bewerbung mit Lebenslauf.\n\nWenn du Fragen hast, ruf uns einfach an oder schreib uns eine E-Mail. \n\nWir freuen uns auf dich!\n\n#2023kannkommen #ausbildung2023 #agrarservicestrauch #losgehts #kommunalbetrieb #ausbildung #kauffrauf\u00fcrb\u00fcromanagement #kaufmanmf\u00fcrb\u00fcromanagement #wirliebenlandwirtschaft #johannesjanssengmbh #isselburg #rees #niederm\u00f6rmter #kreisborken #kreiskleve #strauchgmbh #strauchgruppe #landwirtschaft #lohnunternehmen #august2023<\/div><div class=\"wpz-insta-date\">3\u00a0Jahren ago<\/div><div class=\"view-post\">\n\t\t\t\t\t<a href=\"https:\/\/www.instagram.com\/p\/CpuzX4cKwEa\/\" target=\"_blank\" rel=\"noopener\"><span class=\"dashicons dashicons-instagram\"><\/span>View on Instagram<\/a>\n\t\t\t\t\t<span class=\"delimiter\">|<\/span>\n\t\t\t\t\t<div class=\"wpz-insta-pagination\">3\/9<\/div>\n\t\t\t\t\t<\/div><\/div><\/div><\/div><div data-uid=\"17991920410718739\" class=\"swiper-slide wpz-insta-lightbox-item\"><div class=\"wpz-insta-lightbox\"><div class=\"image-wrapper\"><video controls muted preload=\"none\" poster=\"https:\/\/www.strauch-lu.de\/kommunal\/wp-content\/uploads\/sites\/3\/2023\/03\/331570829_721907839474491_5036257087777879305_n.jpg\"><source src=\"https:\/\/video-fra5-2.cdninstagram.com\/o1\/v\/t16\/f1\/m82\/A9475527B5F4E1E656CA85EB1E426E9C_video_dashinit.mp4?efg=eyJ2ZW5jb2RlX3RhZyI6InZ0c192b2RfdXJsZ2VuLjcyMC5jbGlwcyJ9&#038;_nc_ht=video-fra5-2.cdninstagram.com&#038;_nc_cat=103&#038;vs=3429806860680782_1923082292&#038;_nc_vs=HBkcFQIYT2lnX3hwdl9yZWVsc19wZXJtYW5lbnRfcHJvZC9BOTQ3NTUyN0I1RjRFMUU2NTZDQTg1RUIxRTQyNkU5Q192aWRlb19kYXNoaW5pdC5tcDQVAALIAQAoABgAGwGIB3VzZV9vaWwBMRUAACbG1Nj57ZyJQBUCKAJDMywXQFQXbItDlYEYEmRhc2hfYmFzZWxpbmVfMV92MREAdQAA&#038;ccb=9-4&#038;oh=00_AfASFLTBm1rFmUGa03dRCZZOE0H0mC_ZyB3JSjRa-RPcVQ&#038;oe=6419F20D&#038;_nc_sid=ea0b6e&#038;_nc_rid=af242fb5d5\" type=\"video\/mp4\"\/><\/video><\/div>\n\t\t\t\t\t<div class=\"details-wrapper\">\n\t\t\t\t\t<div class=\"wpz-insta-header\">\n\t\t\t\t\t\t<div class=\"wpz-insta-avatar\">\n\t\t\t\t\t\t\t<img src=\"https:\/\/www.strauch-lu.de\/kommunal\/wp-content\/plugins\/instagram-widget-by-wpzoom\/dist\/images\/backend\/icon-insta.png\" alt=\"@strauch_gruppe\" width=\"42\" height=\"42\"\/>\n\t\t\t\t\t\t<\/div>\n\t\t\t\t\t\t<div class=\"wpz-insta-buttons\">\n\t\t\t\t\t\t\t<div class=\"wpz-insta-username\">\n\t\t\t\t\t\t\t\t<a rel=\"noopener\" target=\"_blank\" href=\"https:\/\/instagram.com\/strauch_gruppe\">@strauch_gruppe<\/a>\n\t\t\t\t\t\t\t<\/div>\n\t\t\t\t\t\t\t<div>&bull;<\/div>\n\t\t\t\t\t\t\t<div class=\"wpz-insta-follow\">\n\t\t\t\t\t\t\t\t<a target=\"_blank\" rel=\"noopener\" href=\"https:\/\/instagram.com\/strauch_gruppe?ref=badge\">\n\t\t\t\t\t\t\t\t\tFollow\n\t\t\t\t\t\t\t\t<\/a>\n\t\t\t\t\t\t\t<\/div>\n\t\t\t\t\t\t<\/div>\n\t\t\t\t\t<\/div><div class=\"wpz-insta-caption\">Wir freuen uns Euch auch in diesem Jahr wieder auf unserem Fr\u00fchlingsfest \ud83d\udc90\ud83d\ude9cbegr\u00fc\u00dfen zu d\u00fcrfen!\n\nWusstet ihr, dass unser Fr\u00fchlingsfest \ud83d\udc90 Tradition hat?\nSeit 2002 findet es immer am 3. Sonntag im M\u00e4rz statt!\n\nHier zeigen wir Euch einen sch\u00f6ne Zusammenfassung vom letzten Fr\u00fchlingsfest!\n\n\ud83d\udcfd @marcs_agritec_droneworld \n\n#fr\u00fchlingsfest2022 #fr\u00fchlingsfest2023 #agrarservicestrauch #lohnunternehmen #tagderoffenent\u00fcr #landwirtschaft #ausliebezurlandwirtschaft #agrar #teamstrauch #lustrauch #sonntag #derfr\u00fchlingistda #isselburg #kreisborken #johannesjanssengmbh #kalkar #Niederm\u00f6rmter #kreiskleve<\/div><div class=\"wpz-insta-date\">3\u00a0Jahren ago<\/div><div class=\"view-post\">\n\t\t\t\t\t<a href=\"https:\/\/www.instagram.com\/reel\/CpsCDvtKqhF\/\" target=\"_blank\" rel=\"noopener\"><span class=\"dashicons dashicons-instagram\"><\/span>View on Instagram<\/a>\n\t\t\t\t\t<span class=\"delimiter\">|<\/span>\n\t\t\t\t\t<div class=\"wpz-insta-pagination\">4\/9<\/div>\n\t\t\t\t\t<\/div><\/div><\/div><\/div><div data-uid=\"17859576020910242\" class=\"swiper-slide wpz-insta-lightbox-item\"><div class=\"wpz-insta-lightbox\"><div class=\"image-wrapper\"><img class=\"wpzoom-swiper-image swiper-lazy\" data-src=\"https:\/\/www.strauch-lu.de\/kommunal\/wp-content\/uploads\/sites\/3\/2023\/03\/332524338_174428698685984_3304005073839513961_n.jpg\" alt=\"Der Fr\u00fchling hat bei uns Einzug gehalten und wir freuen uns auf das Fr\u00fchlingsfest 2023 \ud83d\udc90\ud83d\ude9c\n\nBesucht uns am 19.M\u00e4rz 2023 ab 11 Uhr auf der Industriestra\u00dfe 10a in 46419 Isselburg \n\nEs erwartet Euch eine gro\u00dfe Maschinenausstellung \ud83d\ude9c, Kinderattraktionen \ud83c\udfb2\ud83e\udde9\ud83e\uddf8 und f\u00fcr das leibliches Wohl ist ebenfalls gesorgt \ud83c\udf7b\ud83c\udf5f\u2615\ud83c\udf70 \n\nWir freuen uns auf euer Kommen\/auf ein Wiedersehen!\n\nEuer Team der Agrar-Service Strauch GmbH\n\n#fr\u00fchlingsfest2023 #agrarservicestrauch #lohnunternehmen #tagderoffenent\u00fcr #landwirtschaft #ausliebezurlandwirtschaft #agrar #teamstrauch #lustrauch #sonntag #derfr\u00fchlingistda #isselburg #kreisborken #johannesjanssengmbh #kalkar #Niederm\u00f6rmter #kreiskleve\"\/><div class=\"swiper-lazy-preloader swiper-lazy-preloader-white\"><\/div><\/div>\n\t\t\t\t\t<div class=\"details-wrapper\">\n\t\t\t\t\t<div class=\"wpz-insta-header\">\n\t\t\t\t\t\t<div class=\"wpz-insta-avatar\">\n\t\t\t\t\t\t\t<img src=\"https:\/\/www.strauch-lu.de\/kommunal\/wp-content\/plugins\/instagram-widget-by-wpzoom\/dist\/images\/backend\/icon-insta.png\" alt=\"@strauch_gruppe\" width=\"42\" height=\"42\"\/>\n\t\t\t\t\t\t<\/div>\n\t\t\t\t\t\t<div class=\"wpz-insta-buttons\">\n\t\t\t\t\t\t\t<div class=\"wpz-insta-username\">\n\t\t\t\t\t\t\t\t<a rel=\"noopener\" target=\"_blank\" href=\"https:\/\/instagram.com\/strauch_gruppe\">@strauch_gruppe<\/a>\n\t\t\t\t\t\t\t<\/div>\n\t\t\t\t\t\t\t<div>&bull;<\/div>\n\t\t\t\t\t\t\t<div class=\"wpz-insta-follow\">\n\t\t\t\t\t\t\t\t<a target=\"_blank\" rel=\"noopener\" href=\"https:\/\/instagram.com\/strauch_gruppe?ref=badge\">\n\t\t\t\t\t\t\t\t\tFollow\n\t\t\t\t\t\t\t\t<\/a>\n\t\t\t\t\t\t\t<\/div>\n\t\t\t\t\t\t<\/div>\n\t\t\t\t\t<\/div><div class=\"wpz-insta-caption\">Der Fr\u00fchling hat bei uns Einzug gehalten und wir freuen uns auf das Fr\u00fchlingsfest 2023 \ud83d\udc90\ud83d\ude9c\n\nBesucht uns am 19.M\u00e4rz 2023 ab 11 Uhr auf der Industriestra\u00dfe 10a in 46419 Isselburg \n\nEs erwartet Euch eine gro\u00dfe Maschinenausstellung \ud83d\ude9c, Kinderattraktionen \ud83c\udfb2\ud83e\udde9\ud83e\uddf8 und f\u00fcr das leibliches Wohl ist ebenfalls gesorgt \ud83c\udf7b\ud83c\udf5f\u2615\ud83c\udf70 \n\nWir freuen uns auf euer Kommen\/auf ein Wiedersehen!\n\nEuer Team der Agrar-Service Strauch GmbH\n\n#fr\u00fchlingsfest2023 #agrarservicestrauch #lohnunternehmen #tagderoffenent\u00fcr #landwirtschaft #ausliebezurlandwirtschaft #agrar #teamstrauch #lustrauch #sonntag #derfr\u00fchlingistda #isselburg #kreisborken #johannesjanssengmbh #kalkar #Niederm\u00f6rmter #kreiskleve<\/div><div class=\"wpz-insta-date\">3\u00a0Jahren ago<\/div><div class=\"view-post\">\n\t\t\t\t\t<a href=\"https:\/\/www.instagram.com\/p\/Cpm9rMYKsHG\/\" target=\"_blank\" rel=\"noopener\"><span class=\"dashicons dashicons-instagram\"><\/span>View on Instagram<\/a>\n\t\t\t\t\t<span class=\"delimiter\">|<\/span>\n\t\t\t\t\t<div class=\"wpz-insta-pagination\">5\/9<\/div>\n\t\t\t\t\t<\/div><\/div><\/div><\/div><div data-uid=\"17956441931383252\" class=\"swiper-slide wpz-insta-lightbox-item\"><div class=\"wpz-insta-lightbox\"><div class=\"image-wrapper\"><img class=\"wpzoom-swiper-image swiper-lazy\" data-src=\"https:\/\/www.strauch-lu.de\/kommunal\/wp-content\/uploads\/sites\/3\/2023\/03\/331661095_753829912599549_1826443691592090696_n.jpg\" alt=\"Wir w\u00fcnschen allen KarnevalistInnen, Jecken, N\u00e4rrInnen sch\u00f6ne, tolle und erfreuliche Karnevalstage \ud83e\uddb8\ud83c\udffb\u200d\u2642\ufe0f\ud83e\uddb8\ud83c\udffb\u200d\u2640\ufe0f \n\nSeit ihr Team Helau oder Team Alaaf..?! \n\n#karneval #karneval2023 #jetzjeitetloss #lohnunternehmen #agrarservicestrauch #landwirtschaft #johannesjanssengmbh #teamstrauch #teamhelau #teamalaaf #jeckenzeit #f\u00fcnftejahreszeit #narren #n\u00e4rrinnen #karnevalisten\"\/><div class=\"swiper-lazy-preloader swiper-lazy-preloader-white\"><\/div><\/div>\n\t\t\t\t\t<div class=\"details-wrapper\">\n\t\t\t\t\t<div class=\"wpz-insta-header\">\n\t\t\t\t\t\t<div class=\"wpz-insta-avatar\">\n\t\t\t\t\t\t\t<img src=\"https:\/\/www.strauch-lu.de\/kommunal\/wp-content\/plugins\/instagram-widget-by-wpzoom\/dist\/images\/backend\/icon-insta.png\" alt=\"@strauch_gruppe\" width=\"42\" height=\"42\"\/>\n\t\t\t\t\t\t<\/div>\n\t\t\t\t\t\t<div class=\"wpz-insta-buttons\">\n\t\t\t\t\t\t\t<div class=\"wpz-insta-username\">\n\t\t\t\t\t\t\t\t<a rel=\"noopener\" target=\"_blank\" href=\"https:\/\/instagram.com\/strauch_gruppe\">@strauch_gruppe<\/a>\n\t\t\t\t\t\t\t<\/div>\n\t\t\t\t\t\t\t<div>&bull;<\/div>\n\t\t\t\t\t\t\t<div class=\"wpz-insta-follow\">\n\t\t\t\t\t\t\t\t<a target=\"_blank\" rel=\"noopener\" href=\"https:\/\/instagram.com\/strauch_gruppe?ref=badge\">\n\t\t\t\t\t\t\t\t\tFollow\n\t\t\t\t\t\t\t\t<\/a>\n\t\t\t\t\t\t\t<\/div>\n\t\t\t\t\t\t<\/div>\n\t\t\t\t\t<\/div><div class=\"wpz-insta-caption\">Wir w\u00fcnschen allen KarnevalistInnen, Jecken, N\u00e4rrInnen sch\u00f6ne, tolle und erfreuliche Karnevalstage \ud83e\uddb8\ud83c\udffb\u200d\u2642\ufe0f\ud83e\uddb8\ud83c\udffb\u200d\u2640\ufe0f \n\nSeit ihr Team Helau oder Team Alaaf..?! \n\n#karneval #karneval2023 #jetzjeitetloss #lohnunternehmen #agrarservicestrauch #landwirtschaft #johannesjanssengmbh #teamstrauch #teamhelau #teamalaaf #jeckenzeit #f\u00fcnftejahreszeit #narren #n\u00e4rrinnen #karnevalisten<\/div><div class=\"wpz-insta-date\">3\u00a0Jahren ago<\/div><div class=\"view-post\">\n\t\t\t\t\t<a href=\"https:\/\/www.instagram.com\/p\/CouLmIxKxa1\/\" target=\"_blank\" rel=\"noopener\"><span class=\"dashicons dashicons-instagram\"><\/span>View on Instagram<\/a>\n\t\t\t\t\t<span class=\"delimiter\">|<\/span>\n\t\t\t\t\t<div class=\"wpz-insta-pagination\">6\/9<\/div>\n\t\t\t\t\t<\/div><\/div><\/div><\/div><div data-uid=\"18245004202194529\" class=\"swiper-slide wpz-insta-lightbox-item\"><div class=\"wpz-insta-lightbox\"><div class=\"image-wrapper\"><div class=\"swiper\" style=\"height: 100%;\"><div class=\"swiper-wrapper wpz-insta-album-images\"><div class=\"swiper-slide wpz-insta-album-image\" data-media-type=\"image\"><img class=\"wpzoom-swiper-image swiper-lazy\" data-src=\"https:\/\/scontent-frt3-2.cdninstagram.com\/v\/t51.29350-15\/328156927_875636716887321_706741758584452988_n.webp?stp=dst-jpg&#038;_nc_cat=100&#038;ccb=1-7&#038;_nc_sid=8ae9d6&#038;_nc_ohc=-ctjPxpoH5YAX-PZ-U_&#038;_nc_ht=scontent-frt3-2.cdninstagram.com&#038;edm=ANo9K5cEAAAA&#038;oh=00_AfAYIKYR2TFt2JC5eMhZwu_EORlGGll4OO9sHLLf3EUZCQ&#038;oe=641D4885\" alt=\"Die Cultan-D\u00fcngersaison 2023 ist hiermit offiziell er\u00f6ffnet \ud83d\udea8\ud83c\udf31\n\nBei Interesse k\u00f6nnen Sie sich gerne unter \ud83d\udcde02874 2585 oder \ud83d\udcde 02824 92390\n\n#d\u00fcngesaison2023 #d\u00fcngung #d\u00fcnger #fl\u00fcssigd\u00fcngerausbringen #fl\u00fcssigd\u00fcnger #injektor #duport #masseyferguson #cultan #injektieren #lustrauch #teamstrauch #agrarservicestrauch #agrar #ausliebezurlandwirtschaft #lustrauch #johannesjanssengmbh #isselburg #rees #niederm\u00f6rmter #kreisborken #kreiskleve #kreiswesel #strauchgmbh #strauchgruppe #landwirtschaft #aufdemwegzuzufriedenenkunden\"\/><div class=\"swiper-lazy-preloader swiper-lazy-preloader-white\"><\/div><\/div><div class=\"swiper-slide wpz-insta-album-image\" data-media-type=\"image\"><img class=\"wpzoom-swiper-image swiper-lazy\" data-src=\"https:\/\/scontent-fra3-1.cdninstagram.com\/v\/t51.29350-15\/329405444_214512827799387_8384629072951839399_n.webp?stp=dst-jpg&#038;_nc_cat=105&#038;ccb=1-7&#038;_nc_sid=8ae9d6&#038;_nc_ohc=VwbVD0r3FusAX9QZDsA&#038;_nc_ht=scontent-fra3-1.cdninstagram.com&#038;edm=ANo9K5cEAAAA&#038;oh=00_AfC9Uhui-ybKgv5NcjTz5xg8pCmTIDNXKI5sRt7RPOkpQA&#038;oe=641E0F96\" alt=\"Die Cultan-D\u00fcngersaison 2023 ist hiermit offiziell er\u00f6ffnet \ud83d\udea8\ud83c\udf31\n\nBei Interesse k\u00f6nnen Sie sich gerne unter \ud83d\udcde02874 2585 oder \ud83d\udcde 02824 92390\n\n#d\u00fcngesaison2023 #d\u00fcngung #d\u00fcnger #fl\u00fcssigd\u00fcngerausbringen #fl\u00fcssigd\u00fcnger #injektor #duport #masseyferguson #cultan #injektieren #lustrauch #teamstrauch #agrarservicestrauch #agrar #ausliebezurlandwirtschaft #lustrauch #johannesjanssengmbh #isselburg #rees #niederm\u00f6rmter #kreisborken #kreiskleve #kreiswesel #strauchgmbh #strauchgruppe #landwirtschaft #aufdemwegzuzufriedenenkunden\"\/><div class=\"swiper-lazy-preloader swiper-lazy-preloader-white\"><\/div><\/div><div class=\"swiper-slide wpz-insta-album-image\" data-media-type=\"image\"><img class=\"wpzoom-swiper-image swiper-lazy\" data-src=\"https:\/\/scontent-fra3-1.cdninstagram.com\/v\/t51.29350-15\/330826512_706743594322816_1715307565179350974_n.webp?stp=dst-jpg&#038;_nc_cat=104&#038;ccb=1-7&#038;_nc_sid=8ae9d6&#038;_nc_ohc=liHeKHnRGS8AX9CJWIk&#038;_nc_ht=scontent-fra3-1.cdninstagram.com&#038;edm=ANo9K5cEAAAA&#038;oh=00_AfABUBFf1B4zUWmBmmuJYNT-HcD0pMNIh2KfgvIGFgC8lA&#038;oe=641CC308\" alt=\"Die Cultan-D\u00fcngersaison 2023 ist hiermit offiziell er\u00f6ffnet \ud83d\udea8\ud83c\udf31\n\nBei Interesse k\u00f6nnen Sie sich gerne unter \ud83d\udcde02874 2585 oder \ud83d\udcde 02824 92390\n\n#d\u00fcngesaison2023 #d\u00fcngung #d\u00fcnger #fl\u00fcssigd\u00fcngerausbringen #fl\u00fcssigd\u00fcnger #injektor #duport #masseyferguson #cultan #injektieren #lustrauch #teamstrauch #agrarservicestrauch #agrar #ausliebezurlandwirtschaft #lustrauch #johannesjanssengmbh #isselburg #rees #niederm\u00f6rmter #kreisborken #kreiskleve #kreiswesel #strauchgmbh #strauchgruppe #landwirtschaft #aufdemwegzuzufriedenenkunden\"\/><div class=\"swiper-lazy-preloader swiper-lazy-preloader-white\"><\/div><\/div><div class=\"swiper-slide wpz-insta-album-image\" data-media-type=\"image\"><img class=\"wpzoom-swiper-image swiper-lazy\" data-src=\"https:\/\/scontent-frt3-2.cdninstagram.com\/v\/t51.29350-15\/330718211_982285552735662_3751242579948214908_n.webp?stp=dst-jpg&#038;_nc_cat=110&#038;ccb=1-7&#038;_nc_sid=8ae9d6&#038;_nc_ohc=_Q7c-cl2pS4AX-XVNwb&#038;_nc_ht=scontent-frt3-2.cdninstagram.com&#038;edm=ANo9K5cEAAAA&#038;oh=00_AfDvi25Fs9fFdcwE18TPtDDF_ZY795iuz6Q9PowY1p6a9w&#038;oe=641D978E\" alt=\"Die Cultan-D\u00fcngersaison 2023 ist hiermit offiziell er\u00f6ffnet \ud83d\udea8\ud83c\udf31\n\nBei Interesse k\u00f6nnen Sie sich gerne unter \ud83d\udcde02874 2585 oder \ud83d\udcde 02824 92390\n\n#d\u00fcngesaison2023 #d\u00fcngung #d\u00fcnger #fl\u00fcssigd\u00fcngerausbringen #fl\u00fcssigd\u00fcnger #injektor #duport #masseyferguson #cultan #injektieren #lustrauch #teamstrauch #agrarservicestrauch #agrar #ausliebezurlandwirtschaft #lustrauch #johannesjanssengmbh #isselburg #rees #niederm\u00f6rmter #kreisborken #kreiskleve #kreiswesel #strauchgmbh #strauchgruppe #landwirtschaft #aufdemwegzuzufriedenenkunden\"\/><div class=\"swiper-lazy-preloader swiper-lazy-preloader-white\"><\/div><\/div><div class=\"swiper-slide wpz-insta-album-image\" data-media-type=\"image\"><img class=\"wpzoom-swiper-image swiper-lazy\" data-src=\"https:\/\/scontent-fra5-2.cdninstagram.com\/v\/t51.29350-15\/330800900_1334532420456274_3187341495757327564_n.webp?stp=dst-jpg&#038;_nc_cat=106&#038;ccb=1-7&#038;_nc_sid=8ae9d6&#038;_nc_ohc=MOFR8W-COyQAX9o-WpO&#038;_nc_ht=scontent-fra5-2.cdninstagram.com&#038;edm=ANo9K5cEAAAA&#038;oh=00_AfBihh76Zem92rgLUKCgWvYU3ObLQPUxBwHyyb_2f9et6Q&#038;oe=641CB811\" alt=\"Die Cultan-D\u00fcngersaison 2023 ist hiermit offiziell er\u00f6ffnet \ud83d\udea8\ud83c\udf31\n\nBei Interesse k\u00f6nnen Sie sich gerne unter \ud83d\udcde02874 2585 oder \ud83d\udcde 02824 92390\n\n#d\u00fcngesaison2023 #d\u00fcngung #d\u00fcnger #fl\u00fcssigd\u00fcngerausbringen #fl\u00fcssigd\u00fcnger #injektor #duport #masseyferguson #cultan #injektieren #lustrauch #teamstrauch #agrarservicestrauch #agrar #ausliebezurlandwirtschaft #lustrauch #johannesjanssengmbh #isselburg #rees #niederm\u00f6rmter #kreisborken #kreiskleve #kreiswesel #strauchgmbh #strauchgruppe #landwirtschaft #aufdemwegzuzufriedenenkunden\"\/><div class=\"swiper-lazy-preloader swiper-lazy-preloader-white\"><\/div><\/div><\/div><div class=\"swiper-pagination\"><\/div><div class=\"swiper-button-prev\"><\/div><div class=\"swiper-button-next\"><\/div><\/div><\/div>\n\t\t\t\t\t<div class=\"details-wrapper\">\n\t\t\t\t\t<div class=\"wpz-insta-header\">\n\t\t\t\t\t\t<div class=\"wpz-insta-avatar\">\n\t\t\t\t\t\t\t<img src=\"https:\/\/www.strauch-lu.de\/kommunal\/wp-content\/plugins\/instagram-widget-by-wpzoom\/dist\/images\/backend\/icon-insta.png\" alt=\"@strauch_gruppe\" width=\"42\" height=\"42\"\/>\n\t\t\t\t\t\t<\/div>\n\t\t\t\t\t\t<div class=\"wpz-insta-buttons\">\n\t\t\t\t\t\t\t<div class=\"wpz-insta-username\">\n\t\t\t\t\t\t\t\t<a rel=\"noopener\" target=\"_blank\" href=\"https:\/\/instagram.com\/strauch_gruppe\">@strauch_gruppe<\/a>\n\t\t\t\t\t\t\t<\/div>\n\t\t\t\t\t\t\t<div>&bull;<\/div>\n\t\t\t\t\t\t\t<div class=\"wpz-insta-follow\">\n\t\t\t\t\t\t\t\t<a target=\"_blank\" rel=\"noopener\" href=\"https:\/\/instagram.com\/strauch_gruppe?ref=badge\">\n\t\t\t\t\t\t\t\t\tFollow\n\t\t\t\t\t\t\t\t<\/a>\n\t\t\t\t\t\t\t<\/div>\n\t\t\t\t\t\t<\/div>\n\t\t\t\t\t<\/div><div class=\"wpz-insta-caption\">Die Cultan-D\u00fcngersaison 2023 ist hiermit offiziell er\u00f6ffnet \ud83d\udea8\ud83c\udf31\n\nBei Interesse k\u00f6nnen Sie sich gerne unter \ud83d\udcde02874 2585 oder \ud83d\udcde 02824 92390\n\n#d\u00fcngesaison2023 #d\u00fcngung #d\u00fcnger #fl\u00fcssigd\u00fcngerausbringen #fl\u00fcssigd\u00fcnger #injektor #duport #masseyferguson #cultan #injektieren #lustrauch #teamstrauch #agrarservicestrauch #agrar #ausliebezurlandwirtschaft #lustrauch #johannesjanssengmbh #isselburg #rees #niederm\u00f6rmter #kreisborken #kreiskleve #kreiswesel #strauchgmbh #strauchgruppe #landwirtschaft #aufdemwegzuzufriedenenkunden<\/div><div class=\"wpz-insta-date\">3\u00a0Jahren ago<\/div><div class=\"view-post\">\n\t\t\t\t\t<a href=\"https:\/\/www.instagram.com\/p\/CortMGMKfah\/\" target=\"_blank\" rel=\"noopener\"><span class=\"dashicons dashicons-instagram\"><\/span>View on Instagram<\/a>\n\t\t\t\t\t<span class=\"delimiter\">|<\/span>\n\t\t\t\t\t<div class=\"wpz-insta-pagination\">7\/9<\/div>\n\t\t\t\t\t<\/div><\/div><\/div><\/div><div data-uid=\"17868334478849126\" class=\"swiper-slide wpz-insta-lightbox-item\"><div class=\"wpz-insta-lightbox\"><div class=\"image-wrapper\"><div class=\"swiper\" style=\"height: 100%;\"><div class=\"swiper-wrapper wpz-insta-album-images\"><div class=\"swiper-slide wpz-insta-album-image\" data-media-type=\"image\"><img class=\"wpzoom-swiper-image swiper-lazy\" data-src=\"https:\/\/scontent-fra5-2.cdninstagram.com\/v\/t51.29350-15\/329698033_221623976899304_873243436382568987_n.webp?stp=dst-jpg&#038;_nc_cat=109&#038;ccb=1-7&#038;_nc_sid=8ae9d6&#038;_nc_ohc=9TNo-u_XE4sAX-PSaN7&#038;_nc_ht=scontent-fra5-2.cdninstagram.com&#038;edm=ANo9K5cEAAAA&#038;oh=00_AfBuCdmuQ9IHG8_e6Szr8C7GYKHVowQC24TURNrXlryIqA&#038;oe=641E538D\" alt=\"Geh\u00f6lzpflege \ud83c\udf33\n\nUnser Kettenbagger Volvo ECR145EL mit dem Schnitt-Griffy ist flei\u00dfig im Einsatz \ud83d\udea8\n\nBis zum 28.02.2023 d\u00fcrfen noch B\u00e4ume gef\u00e4llet, sowie Hecken und Str\u00e4ucher geschnitten werden. Wir sind und bleiben bis dahin flei\u00dfig im Einsatz\ud83d\udc77\ud83c\udffb\n\n#volvoecr145el #volvo #erc145el #raupenbagger #baggerarbeiten #bagger #kettenbagger #geh\u00f6lzpflege #schnittgriffy #pflege #baumpflege #baumaschine #lohnunternehmen #lustrauch #lohner #agrar #landwirtschaft #aufdemwegzuzufriedenenkunden #ausliebezurlandwirtschaft #agrarservicestrauch #johannesjanssengmbh #kommunalarbeiten #kreisborken #isselburg #kreiskleve #Niederm\u00f6rmter #rees\"\/><div class=\"swiper-lazy-preloader swiper-lazy-preloader-white\"><\/div><\/div><div class=\"swiper-slide wpz-insta-album-image\" data-media-type=\"image\"><img class=\"wpzoom-swiper-image swiper-lazy\" data-src=\"https:\/\/scontent-fra5-2.cdninstagram.com\/v\/t51.29350-15\/329646397_940422170458564_5964475835828246742_n.webp?stp=dst-jpg&#038;_nc_cat=107&#038;ccb=1-7&#038;_nc_sid=8ae9d6&#038;_nc_ohc=BBK5d1fGa-EAX_XW3SQ&#038;_nc_ht=scontent-fra5-2.cdninstagram.com&#038;edm=ANo9K5cEAAAA&#038;oh=00_AfAT16wBn6l3p1q4SVatMwZW5MegnIEBmaGsIueqto0-tg&#038;oe=641DE3F5\" alt=\"Geh\u00f6lzpflege \ud83c\udf33\n\nUnser Kettenbagger Volvo ECR145EL mit dem Schnitt-Griffy ist flei\u00dfig im Einsatz \ud83d\udea8\n\nBis zum 28.02.2023 d\u00fcrfen noch B\u00e4ume gef\u00e4llet, sowie Hecken und Str\u00e4ucher geschnitten werden. Wir sind und bleiben bis dahin flei\u00dfig im Einsatz\ud83d\udc77\ud83c\udffb\n\n#volvoecr145el #volvo #erc145el #raupenbagger #baggerarbeiten #bagger #kettenbagger #geh\u00f6lzpflege #schnittgriffy #pflege #baumpflege #baumaschine #lohnunternehmen #lustrauch #lohner #agrar #landwirtschaft #aufdemwegzuzufriedenenkunden #ausliebezurlandwirtschaft #agrarservicestrauch #johannesjanssengmbh #kommunalarbeiten #kreisborken #isselburg #kreiskleve #Niederm\u00f6rmter #rees\"\/><div class=\"swiper-lazy-preloader swiper-lazy-preloader-white\"><\/div><\/div><div class=\"swiper-slide wpz-insta-album-image\" data-media-type=\"image\"><img class=\"wpzoom-swiper-image swiper-lazy\" data-src=\"https:\/\/scontent-fra3-1.cdninstagram.com\/v\/t51.29350-15\/329845274_722284485939483_8187885498220475720_n.webp?stp=dst-jpg&#038;_nc_cat=102&#038;ccb=1-7&#038;_nc_sid=8ae9d6&#038;_nc_ohc=qSUN-QFIlTYAX_K3Yu_&#038;_nc_ht=scontent-fra3-1.cdninstagram.com&#038;edm=ANo9K5cEAAAA&#038;oh=00_AfA76ppxYQ-_DLsjbxvJn5OnKLZDtzi8sFAVynxjdzw4nw&#038;oe=641C8615\" alt=\"Geh\u00f6lzpflege \ud83c\udf33\n\nUnser Kettenbagger Volvo ECR145EL mit dem Schnitt-Griffy ist flei\u00dfig im Einsatz \ud83d\udea8\n\nBis zum 28.02.2023 d\u00fcrfen noch B\u00e4ume gef\u00e4llet, sowie Hecken und Str\u00e4ucher geschnitten werden. Wir sind und bleiben bis dahin flei\u00dfig im Einsatz\ud83d\udc77\ud83c\udffb\n\n#volvoecr145el #volvo #erc145el #raupenbagger #baggerarbeiten #bagger #kettenbagger #geh\u00f6lzpflege #schnittgriffy #pflege #baumpflege #baumaschine #lohnunternehmen #lustrauch #lohner #agrar #landwirtschaft #aufdemwegzuzufriedenenkunden #ausliebezurlandwirtschaft #agrarservicestrauch #johannesjanssengmbh #kommunalarbeiten #kreisborken #isselburg #kreiskleve #Niederm\u00f6rmter #rees\"\/><div class=\"swiper-lazy-preloader swiper-lazy-preloader-white\"><\/div><\/div><div class=\"swiper-slide wpz-insta-album-image\" data-media-type=\"image\"><img class=\"wpzoom-swiper-image swiper-lazy\" data-src=\"https:\/\/scontent-fra5-2.cdninstagram.com\/v\/t51.29350-15\/330166867_207849038399716_2645499823313683490_n.webp?stp=dst-jpg&#038;_nc_cat=107&#038;ccb=1-7&#038;_nc_sid=8ae9d6&#038;_nc_ohc=FzH2LlINuI8AX88F-qQ&#038;_nc_ht=scontent-fra5-2.cdninstagram.com&#038;edm=ANo9K5cEAAAA&#038;oh=00_AfDF5Jm_hqOTJFf2JZeBLuS0uJBxAXvwL7-F9OYNYZQfqA&#038;oe=641CDFFD\" alt=\"Geh\u00f6lzpflege \ud83c\udf33\n\nUnser Kettenbagger Volvo ECR145EL mit dem Schnitt-Griffy ist flei\u00dfig im Einsatz \ud83d\udea8\n\nBis zum 28.02.2023 d\u00fcrfen noch B\u00e4ume gef\u00e4llet, sowie Hecken und Str\u00e4ucher geschnitten werden. Wir sind und bleiben bis dahin flei\u00dfig im Einsatz\ud83d\udc77\ud83c\udffb\n\n#volvoecr145el #volvo #erc145el #raupenbagger #baggerarbeiten #bagger #kettenbagger #geh\u00f6lzpflege #schnittgriffy #pflege #baumpflege #baumaschine #lohnunternehmen #lustrauch #lohner #agrar #landwirtschaft #aufdemwegzuzufriedenenkunden #ausliebezurlandwirtschaft #agrarservicestrauch #johannesjanssengmbh #kommunalarbeiten #kreisborken #isselburg #kreiskleve #Niederm\u00f6rmter #rees\"\/><div class=\"swiper-lazy-preloader swiper-lazy-preloader-white\"><\/div><\/div><div class=\"swiper-slide wpz-insta-album-image\" data-media-type=\"image\"><img class=\"wpzoom-swiper-image swiper-lazy\" data-src=\"https:\/\/scontent-frt3-2.cdninstagram.com\/v\/t51.29350-15\/329541514_870726567549773_3408870856595501855_n.webp?stp=dst-jpg&#038;_nc_cat=100&#038;ccb=1-7&#038;_nc_sid=8ae9d6&#038;_nc_ohc=W4ijI5zYr-YAX-S73X6&#038;_nc_ht=scontent-frt3-2.cdninstagram.com&#038;edm=ANo9K5cEAAAA&#038;oh=00_AfARKBMSxxOfaxNGNH4tTUCZOQrjBunbZPZebc8XgdRZIw&#038;oe=641CC1AE\" alt=\"Geh\u00f6lzpflege \ud83c\udf33\n\nUnser Kettenbagger Volvo ECR145EL mit dem Schnitt-Griffy ist flei\u00dfig im Einsatz \ud83d\udea8\n\nBis zum 28.02.2023 d\u00fcrfen noch B\u00e4ume gef\u00e4llet, sowie Hecken und Str\u00e4ucher geschnitten werden. Wir sind und bleiben bis dahin flei\u00dfig im Einsatz\ud83d\udc77\ud83c\udffb\n\n#volvoecr145el #volvo #erc145el #raupenbagger #baggerarbeiten #bagger #kettenbagger #geh\u00f6lzpflege #schnittgriffy #pflege #baumpflege #baumaschine #lohnunternehmen #lustrauch #lohner #agrar #landwirtschaft #aufdemwegzuzufriedenenkunden #ausliebezurlandwirtschaft #agrarservicestrauch #johannesjanssengmbh #kommunalarbeiten #kreisborken #isselburg #kreiskleve #Niederm\u00f6rmter #rees\"\/><div class=\"swiper-lazy-preloader swiper-lazy-preloader-white\"><\/div><\/div><div class=\"swiper-slide wpz-insta-album-image\" data-media-type=\"image\"><img class=\"wpzoom-swiper-image swiper-lazy\" data-src=\"https:\/\/scontent-fra3-1.cdninstagram.com\/v\/t51.29350-15\/328701019_736865364629721_567323597236261703_n.webp?stp=dst-jpg&#038;_nc_cat=105&#038;ccb=1-7&#038;_nc_sid=8ae9d6&#038;_nc_ohc=e8jrQGLnirEAX8XHpgl&#038;_nc_ht=scontent-fra3-1.cdninstagram.com&#038;edm=ANo9K5cEAAAA&#038;oh=00_AfAoqkaSI8uFO9iRW5mD9cT8MkiUSFZTHfW2HBDRXT9gYA&#038;oe=641DBF6F\" alt=\"Geh\u00f6lzpflege \ud83c\udf33\n\nUnser Kettenbagger Volvo ECR145EL mit dem Schnitt-Griffy ist flei\u00dfig im Einsatz \ud83d\udea8\n\nBis zum 28.02.2023 d\u00fcrfen noch B\u00e4ume gef\u00e4llet, sowie Hecken und Str\u00e4ucher geschnitten werden. Wir sind und bleiben bis dahin flei\u00dfig im Einsatz\ud83d\udc77\ud83c\udffb\n\n#volvoecr145el #volvo #erc145el #raupenbagger #baggerarbeiten #bagger #kettenbagger #geh\u00f6lzpflege #schnittgriffy #pflege #baumpflege #baumaschine #lohnunternehmen #lustrauch #lohner #agrar #landwirtschaft #aufdemwegzuzufriedenenkunden #ausliebezurlandwirtschaft #agrarservicestrauch #johannesjanssengmbh #kommunalarbeiten #kreisborken #isselburg #kreiskleve #Niederm\u00f6rmter #rees\"\/><div class=\"swiper-lazy-preloader swiper-lazy-preloader-white\"><\/div><\/div><\/div><div class=\"swiper-pagination\"><\/div><div class=\"swiper-button-prev\"><\/div><div class=\"swiper-button-next\"><\/div><\/div><\/div>\n\t\t\t\t\t<div class=\"details-wrapper\">\n\t\t\t\t\t<div class=\"wpz-insta-header\">\n\t\t\t\t\t\t<div class=\"wpz-insta-avatar\">\n\t\t\t\t\t\t\t<img src=\"https:\/\/www.strauch-lu.de\/kommunal\/wp-content\/plugins\/instagram-widget-by-wpzoom\/dist\/images\/backend\/icon-insta.png\" alt=\"@strauch_gruppe\" width=\"42\" height=\"42\"\/>\n\t\t\t\t\t\t<\/div>\n\t\t\t\t\t\t<div class=\"wpz-insta-buttons\">\n\t\t\t\t\t\t\t<div class=\"wpz-insta-username\">\n\t\t\t\t\t\t\t\t<a rel=\"noopener\" target=\"_blank\" href=\"https:\/\/instagram.com\/strauch_gruppe\">@strauch_gruppe<\/a>\n\t\t\t\t\t\t\t<\/div>\n\t\t\t\t\t\t\t<div>&bull;<\/div>\n\t\t\t\t\t\t\t<div class=\"wpz-insta-follow\">\n\t\t\t\t\t\t\t\t<a target=\"_blank\" rel=\"noopener\" href=\"https:\/\/instagram.com\/strauch_gruppe?ref=badge\">\n\t\t\t\t\t\t\t\t\tFollow\n\t\t\t\t\t\t\t\t<\/a>\n\t\t\t\t\t\t\t<\/div>\n\t\t\t\t\t\t<\/div>\n\t\t\t\t\t<\/div><div class=\"wpz-insta-caption\">Geh\u00f6lzpflege \ud83c\udf33\n\nUnser Kettenbagger Volvo ECR145EL mit dem Schnitt-Griffy ist flei\u00dfig im Einsatz \ud83d\udea8\n\nBis zum 28.02.2023 d\u00fcrfen noch B\u00e4ume gef\u00e4llet, sowie Hecken und Str\u00e4ucher geschnitten werden. Wir sind und bleiben bis dahin flei\u00dfig im Einsatz\ud83d\udc77\ud83c\udffb\n\n#volvoecr145el #volvo #erc145el #raupenbagger #baggerarbeiten #bagger #kettenbagger #geh\u00f6lzpflege #schnittgriffy #pflege #baumpflege #baumaschine #lohnunternehmen #lustrauch #lohner #agrar #landwirtschaft #aufdemwegzuzufriedenenkunden #ausliebezurlandwirtschaft #agrarservicestrauch #johannesjanssengmbh #kommunalarbeiten #kreisborken #isselburg #kreiskleve #Niederm\u00f6rmter #rees<\/div><div class=\"wpz-insta-date\">3\u00a0Jahren ago<\/div><div class=\"view-post\">\n\t\t\t\t\t<a href=\"https:\/\/www.instagram.com\/p\/Coct4IBqoSk\/\" target=\"_blank\" rel=\"noopener\"><span class=\"dashicons dashicons-instagram\"><\/span>View on Instagram<\/a>\n\t\t\t\t\t<span class=\"delimiter\">|<\/span>\n\t\t\t\t\t<div class=\"wpz-insta-pagination\">8\/9<\/div>\n\t\t\t\t\t<\/div><\/div><\/div><\/div><div data-uid=\"18034264951432704\" class=\"swiper-slide wpz-insta-lightbox-item\"><div class=\"wpz-insta-lightbox\"><div class=\"image-wrapper\"><div class=\"swiper\" style=\"height: 100%;\"><div class=\"swiper-wrapper wpz-insta-album-images\"><div class=\"swiper-slide wpz-insta-album-image\" data-media-type=\"image\"><img class=\"wpzoom-swiper-image swiper-lazy\" data-src=\"https:\/\/scontent-fra3-1.cdninstagram.com\/v\/t51.29350-15\/327320933_209485981573072_7216919305829812256_n.webp?stp=dst-jpg&#038;_nc_cat=104&#038;ccb=1-7&#038;_nc_sid=8ae9d6&#038;_nc_ohc=sb2O35bXZnwAX_tGdvA&#038;_nc_ht=scontent-fra3-1.cdninstagram.com&#038;edm=ANo9K5cEAAAA&#038;oh=00_AfBcZCrXRadG3GqpfNIH8CO5OrbZ9n3S9QxssR7V8u5Oww&#038;oe=641DBA1A\" alt=\"Neues Jahr \u27a1\ufe0f Neue Baustelle \ud83d\udc77\ud83c\udffb\ud83d\ude9b\n\n#transportarbeiten #transport #sch\u00fcttg\u00fcter #baggerarbeiten #walzenzug #walze #lkw #lastkraftwagen #kippauflieger #carnehl #bomag #baustelle #mansattelzug #bagger #volvoew160e #agrarservicestrauch #lohnunternehmen #teamstrauch #lustrauch #rees #millingen #kreiskleve #Isselburg #kreisborken #johannssjanssengmbh #kalkar #kreiskleve #agrar\"\/><div class=\"swiper-lazy-preloader swiper-lazy-preloader-white\"><\/div><\/div><div class=\"swiper-slide wpz-insta-album-image\" data-media-type=\"image\"><img class=\"wpzoom-swiper-image swiper-lazy\" data-src=\"https:\/\/scontent-fra5-2.cdninstagram.com\/v\/t51.29350-15\/327313725_1218651122409509_8695927363998147235_n.webp?stp=dst-jpg&#038;_nc_cat=107&#038;ccb=1-7&#038;_nc_sid=8ae9d6&#038;_nc_ohc=boZC0I6-AL8AX9sukie&#038;_nc_ht=scontent-fra5-2.cdninstagram.com&#038;edm=ANo9K5cEAAAA&#038;oh=00_AfAGF5vz5xwLzjqJSBlngSNZIgzMqVtxjkfzcjCebJMWiA&#038;oe=641DC4CE\" alt=\"Neues Jahr \u27a1\ufe0f Neue Baustelle \ud83d\udc77\ud83c\udffb\ud83d\ude9b\n\n#transportarbeiten #transport #sch\u00fcttg\u00fcter #baggerarbeiten #walzenzug #walze #lkw #lastkraftwagen #kippauflieger #carnehl #bomag #baustelle #mansattelzug #bagger #volvoew160e #agrarservicestrauch #lohnunternehmen #teamstrauch #lustrauch #rees #millingen #kreiskleve #Isselburg #kreisborken #johannssjanssengmbh #kalkar #kreiskleve #agrar\"\/><div class=\"swiper-lazy-preloader swiper-lazy-preloader-white\"><\/div><\/div><\/div><div class=\"swiper-pagination\"><\/div><div class=\"swiper-button-prev\"><\/div><div class=\"swiper-button-next\"><\/div><\/div><\/div>\n\t\t\t\t\t<div class=\"details-wrapper\">\n\t\t\t\t\t<div class=\"wpz-insta-header\">\n\t\t\t\t\t\t<div class=\"wpz-insta-avatar\">\n\t\t\t\t\t\t\t<img src=\"https:\/\/www.strauch-lu.de\/kommunal\/wp-content\/plugins\/instagram-widget-by-wpzoom\/dist\/images\/backend\/icon-insta.png\" alt=\"@strauch_gruppe\" width=\"42\" height=\"42\"\/>\n\t\t\t\t\t\t<\/div>\n\t\t\t\t\t\t<div class=\"wpz-insta-buttons\">\n\t\t\t\t\t\t\t<div class=\"wpz-insta-username\">\n\t\t\t\t\t\t\t\t<a rel=\"noopener\" target=\"_blank\" href=\"https:\/\/instagram.com\/strauch_gruppe\">@strauch_gruppe<\/a>\n\t\t\t\t\t\t\t<\/div>\n\t\t\t\t\t\t\t<div>&bull;<\/div>\n\t\t\t\t\t\t\t<div class=\"wpz-insta-follow\">\n\t\t\t\t\t\t\t\t<a target=\"_blank\" rel=\"noopener\" href=\"https:\/\/instagram.com\/strauch_gruppe?ref=badge\">\n\t\t\t\t\t\t\t\t\tFollow\n\t\t\t\t\t\t\t\t<\/a>\n\t\t\t\t\t\t\t<\/div>\n\t\t\t\t\t\t<\/div>\n\t\t\t\t\t<\/div><div class=\"wpz-insta-caption\">Neues Jahr \u27a1\ufe0f Neue Baustelle \ud83d\udc77\ud83c\udffb\ud83d\ude9b\n\n#transportarbeiten #transport #sch\u00fcttg\u00fcter #baggerarbeiten #walzenzug #walze #lkw #lastkraftwagen #kippauflieger #carnehl #bomag #baustelle #mansattelzug #bagger #volvoew160e #agrarservicestrauch #lohnunternehmen #teamstrauch #lustrauch #rees #millingen #kreiskleve #Isselburg #kreisborken #johannssjanssengmbh #kalkar #kreiskleve #agrar<\/div><div class=\"wpz-insta-date\">3\u00a0Jahren ago<\/div><div class=\"view-post\">\n\t\t\t\t\t<a href=\"https:\/\/www.instagram.com\/p\/Cn64ryRKxWF\/\" target=\"_blank\" rel=\"noopener\"><span class=\"dashicons dashicons-instagram\"><\/span>View on Instagram<\/a>\n\t\t\t\t\t<span class=\"delimiter\">|<\/span>\n\t\t\t\t\t<div class=\"wpz-insta-pagination\">9\/9<\/div>\n\t\t\t\t\t<\/div><\/div><\/div><\/div><\/div><div class=\"swiper-button-prev\"><\/div><div class=\"swiper-button-next\"><\/div><\/div><\/div><\/div><\/div><\/div><\/div><\/div><\/div>","protected":false},"excerpt":{"rendered":"<p>View on Instagram @strauch_gruppe &bull; Follow Wir sind jetzt so richtig im Fr\u00fchling angekommen. Was f\u00fcr ein toller Tag gestern. Danke f\u00fcr das sch\u00f6ne Fr\u00fchlingsfest 2023! Der Platz ist wieder leer ger\u00e4umt und wir m\u00f6chten Euch schon ein paar beeindruckende &hellip; <a href=\"https:\/\/www.strauch-lu.de\/kommunal\/insights\/\">Weiter<\/a><\/p>\n","protected":false},"author":1,"featured_media":0,"parent":0,"menu_order":8,"comment_status":"closed","ping_status":"closed","template":"page-fullwidth.php","meta":{"kt_blocks_editor_width":""},"yoast_head":"<!-- This site is optimized with the Yoast SEO plugin v20.2.1 - https:\/\/yoast.com\/wordpress\/plugins\/seo\/ -->\n<title>Insights - Johannes Jan\u00dfen<\/title>\n<meta name=\"description\" content=\"Hier finden Sie alle interessanten Themen rund um die Strauch-Gruppe - von Kommunalarbeiten bis landwirtschaftliche Lohndienstleistungen.\" \/>\n<meta name=\"robots\" content=\"index, follow, max-snippet:-1, max-image-preview:large, max-video-preview:-1\" \/>\n<link rel=\"canonical\" href=\"https:\/\/www.strauch-lu.de\/kommunal\/insights\/\" \/>\n<meta property=\"og:locale\" content=\"de_DE\" \/>\n<meta property=\"og:type\" content=\"article\" \/>\n<meta property=\"og:title\" content=\"Insights - Johannes Jan\u00dfen\" \/>\n<meta property=\"og:description\" content=\"Hier finden Sie alle interessanten Themen rund um die Strauch-Gruppe - von Kommunalarbeiten bis landwirtschaftliche Lohndienstleistungen.\" \/>\n<meta property=\"og:url\" content=\"https:\/\/www.strauch-lu.de\/kommunal\/insights\/\" \/>\n<meta property=\"og:site_name\" content=\"Johannes Jan\u00dfen\" \/>\n<meta property=\"article:modified_time\" content=\"2023-03-20T15:50:39+00:00\" \/>\n<meta name=\"twitter:card\" content=\"summary_large_image\" \/>\n<meta name=\"twitter:label1\" content=\"Gesch\u00e4tzte Lesezeit\" \/>\n\t<meta name=\"twitter:data1\" content=\"1\u00a0Minute\" \/>\n<script type=\"application\/ld+json\" class=\"yoast-schema-graph\">{\"@context\":\"https:\/\/schema.org\",\"@graph\":[{\"@type\":\"WebPage\",\"@id\":\"https:\/\/www.strauch-lu.de\/kommunal\/insights\/\",\"url\":\"https:\/\/www.strauch-lu.de\/kommunal\/insights\/\",\"name\":\"Insights - Johannes Jan\u00dfen\",\"isPartOf\":{\"@id\":\"https:\/\/www.strauch-lu.de\/kommunal\/#website\"},\"datePublished\":\"2023-03-20T15:30:20+00:00\",\"dateModified\":\"2023-03-20T15:50:39+00:00\",\"description\":\"Hier finden Sie alle interessanten Themen rund um die Strauch-Gruppe - von Kommunalarbeiten bis landwirtschaftliche Lohndienstleistungen.\",\"breadcrumb\":{\"@id\":\"https:\/\/www.strauch-lu.de\/kommunal\/insights\/#breadcrumb\"},\"inLanguage\":\"de\",\"potentialAction\":[{\"@type\":\"ReadAction\",\"target\":[\"https:\/\/www.strauch-lu.de\/kommunal\/insights\/\"]}]},{\"@type\":\"BreadcrumbList\",\"@id\":\"https:\/\/www.strauch-lu.de\/kommunal\/insights\/#breadcrumb\",\"itemListElement\":[{\"@type\":\"ListItem\",\"position\":1,\"name\":\"Startseite\",\"item\":\"https:\/\/www.strauch-lu.de\/kommunal\/\"},{\"@type\":\"ListItem\",\"position\":2,\"name\":\"Insights\"}]},{\"@type\":\"WebSite\",\"@id\":\"https:\/\/www.strauch-lu.de\/kommunal\/#website\",\"url\":\"https:\/\/www.strauch-lu.de\/kommunal\/\",\"name\":\"Johannes Jan\u00dfen\",\"description\":\"Ein Unternehmen der Strauch-Gruppe\",\"potentialAction\":[{\"@type\":\"SearchAction\",\"target\":{\"@type\":\"EntryPoint\",\"urlTemplate\":\"https:\/\/www.strauch-lu.de\/kommunal\/?s={search_term_string}\"},\"query-input\":\"required name=search_term_string\"}],\"inLanguage\":\"de\"}]}<\/script>\n<!-- \/ Yoast SEO plugin. -->","yoast_head_json":{"title":"Insights - Johannes Jan\u00dfen","description":"Hier finden Sie alle interessanten Themen rund um die Strauch-Gruppe - von Kommunalarbeiten bis landwirtschaftliche Lohndienstleistungen.","robots":{"index":"index","follow":"follow","max-snippet":"max-snippet:-1","max-image-preview":"max-image-preview:large","max-video-preview":"max-video-preview:-1"},"canonical":"https:\/\/www.strauch-lu.de\/kommunal\/insights\/","og_locale":"de_DE","og_type":"article","og_title":"Insights - Johannes Jan\u00dfen","og_description":"Hier finden Sie alle interessanten Themen rund um die Strauch-Gruppe - von Kommunalarbeiten bis landwirtschaftliche Lohndienstleistungen.","og_url":"https:\/\/www.strauch-lu.de\/kommunal\/insights\/","og_site_name":"Johannes Jan\u00dfen","article_modified_time":"2023-03-20T15:50:39+00:00","twitter_card":"summary_large_image","twitter_misc":{"Gesch\u00e4tzte Lesezeit":"1\u00a0Minute"},"schema":{"@context":"https:\/\/schema.org","@graph":[{"@type":"WebPage","@id":"https:\/\/www.strauch-lu.de\/kommunal\/insights\/","url":"https:\/\/www.strauch-lu.de\/kommunal\/insights\/","name":"Insights - Johannes Jan\u00dfen","isPartOf":{"@id":"https:\/\/www.strauch-lu.de\/kommunal\/#website"},"datePublished":"2023-03-20T15:30:20+00:00","dateModified":"2023-03-20T15:50:39+00:00","description":"Hier finden Sie alle interessanten Themen rund um die Strauch-Gruppe - von Kommunalarbeiten bis landwirtschaftliche Lohndienstleistungen.","breadcrumb":{"@id":"https:\/\/www.strauch-lu.de\/kommunal\/insights\/#breadcrumb"},"inLanguage":"de","potentialAction":[{"@type":"ReadAction","target":["https:\/\/www.strauch-lu.de\/kommunal\/insights\/"]}]},{"@type":"BreadcrumbList","@id":"https:\/\/www.strauch-lu.de\/kommunal\/insights\/#breadcrumb","itemListElement":[{"@type":"ListItem","position":1,"name":"Startseite","item":"https:\/\/www.strauch-lu.de\/kommunal\/"},{"@type":"ListItem","position":2,"name":"Insights"}]},{"@type":"WebSite","@id":"https:\/\/www.strauch-lu.de\/kommunal\/#website","url":"https:\/\/www.strauch-lu.de\/kommunal\/","name":"Johannes Jan\u00dfen","description":"Ein Unternehmen der Strauch-Gruppe","potentialAction":[{"@type":"SearchAction","target":{"@type":"EntryPoint","urlTemplate":"https:\/\/www.strauch-lu.de\/kommunal\/?s={search_term_string}"},"query-input":"required name=search_term_string"}],"inLanguage":"de"}]}},"_links":{"self":[{"href":"https:\/\/www.strauch-lu.de\/kommunal\/wp-json\/wp\/v2\/pages\/2867"}],"collection":[{"href":"https:\/\/www.strauch-lu.de\/kommunal\/wp-json\/wp\/v2\/pages"}],"about":[{"href":"https:\/\/www.strauch-lu.de\/kommunal\/wp-json\/wp\/v2\/types\/page"}],"author":[{"embeddable":true,"href":"https:\/\/www.strauch-lu.de\/kommunal\/wp-json\/wp\/v2\/users\/1"}],"replies":[{"embeddable":true,"href":"https:\/\/www.strauch-lu.de\/kommunal\/wp-json\/wp\/v2\/comments?post=2867"}],"version-history":[{"count":5,"href":"https:\/\/www.strauch-lu.de\/kommunal\/wp-json\/wp\/v2\/pages\/2867\/revisions"}],"predecessor-version":[{"id":2883,"href":"https:\/\/www.strauch-lu.de\/kommunal\/wp-json\/wp\/v2\/pages\/2867\/revisions\/2883"}],"wp:attachment":[{"href":"https:\/\/www.strauch-lu.de\/kommunal\/wp-json\/wp\/v2\/media?parent=2867"}],"curies":[{"name":"wp","href":"https:\/\/api.w.org\/{rel}","templated":true}]}}