{"id":901,"date":"2018-02-26T16:16:59","date_gmt":"2018-02-26T15:16:59","guid":{"rendered":"http:\/\/localhost:8888\/?page_id=901"},"modified":"2023-03-18T12:37:58","modified_gmt":"2023-03-18T11:37:58","slug":"ueber-uns","status":"publish","type":"page","link":"https:\/\/www.strauch-lu.de\/agrar\/ueber-uns\/","title":{"rendered":"\u00dcber uns"},"content":{"rendered":"<div id=\"pl-901\"  class=\"panel-layout\" ><div id=\"pg-901-0\"  class=\"panel-grid panel-no-style\" ><div id=\"pgc-901-0-0\"  class=\"panel-grid-cell\" ><div id=\"panel-901-0-0-0\" class=\"so-panel widget widget_sow-slider panel-first-child panel-last-child\" data-index=\"0\" ><div\n\t\t\t\n\t\t\tclass=\"so-widget-sow-slider so-widget-sow-slider-default-53fd0f98de19-901\"\n\t\t\t\n\t\t><div class=\"sow-slider-base\" style=\"display: none\"><ul\n\t\t\t\t\tclass=\"sow-slider-images\"\n\t\t\t\t\tdata-settings=\"{&quot;pagination&quot;:true,&quot;speed&quot;:800,&quot;timeout&quot;:8000,&quot;paused&quot;:false,&quot;pause_on_hover&quot;:false,&quot;swipe&quot;:true,&quot;nav_always_show_desktop&quot;:&quot;&quot;,&quot;nav_always_show_mobile&quot;:&quot;&quot;,&quot;breakpoint&quot;:&quot;780px&quot;,&quot;unmute&quot;:false,&quot;anchor&quot;:null}\"\n\t\t\t\t\t\t\t\t\t\tdata-anchor-id=\"\"\n\t\t\t\t>\t\t<li class=\"sow-slider-image\" style=\"visibility: visible;\" >\n\t\t\t\t\t\t<div class=\"sow-slider-image-container\">\n\t\t\t\t<div class=\"sow-slider-image-wrapper\" style=\"max-width: 2000px\">\n\t\t\t\t\t\t\t\t\t\t<div class=\"sow-slider-image-foreground-wrapper\">\n\t\t\t\t\t\t<img width=\"2000\" height=\"763\" src=\"https:\/\/www.strauch-lu.de\/agrar\/wp-content\/uploads\/sites\/2\/2018\/03\/firmengeschichte_lohnbetrieb_strauch-1.jpg\" class=\"sow-slider-foreground-image skip-lazy\" alt=\"Lohnbetrieb Landwirtschaft Strauch\" loading=\"eager\" style=\"\" srcset=\"https:\/\/www.strauch-lu.de\/agrar\/wp-content\/uploads\/sites\/2\/2018\/03\/firmengeschichte_lohnbetrieb_strauch-1.jpg 2000w, https:\/\/www.strauch-lu.de\/agrar\/wp-content\/uploads\/sites\/2\/2018\/03\/firmengeschichte_lohnbetrieb_strauch-1-300x114.jpg 300w, https:\/\/www.strauch-lu.de\/agrar\/wp-content\/uploads\/sites\/2\/2018\/03\/firmengeschichte_lohnbetrieb_strauch-1-768x293.jpg 768w, https:\/\/www.strauch-lu.de\/agrar\/wp-content\/uploads\/sites\/2\/2018\/03\/firmengeschichte_lohnbetrieb_strauch-1-1024x391.jpg 1024w\" sizes=\"(max-width: 2000px) 100vw, 2000px\" \/>\t\t\t\t\t<\/div>\n\t\t\t\t\t\t\t\t\t<\/div>\n\t\t\t<\/div>\n\t\t\t\t\t<\/li>\n\t\t\t\t<li class=\"sow-slider-image\" style=\"visibility: hidden;\" >\n\t\t\t\t\t\t<div class=\"sow-slider-image-container\">\n\t\t\t\t<div class=\"sow-slider-image-wrapper\" style=\"max-width: 2000px\">\n\t\t\t\t\t\t\t\t\t\t<div class=\"sow-slider-image-foreground-wrapper\">\n\t\t\t\t\t\t<img width=\"2000\" height=\"763\" src=\"https:\/\/www.strauch-lu.de\/agrar\/wp-content\/uploads\/sites\/2\/2018\/03\/firmenhistorie_lonbetrieb_strauch-1.jpg\" class=\"sow-slider-foreground-image skip-lazy\" alt=\"landwirtschaftliche Lohnarbeiten agrar service Strauch\" loading=\"eager\" style=\"\" srcset=\"https:\/\/www.strauch-lu.de\/agrar\/wp-content\/uploads\/sites\/2\/2018\/03\/firmenhistorie_lonbetrieb_strauch-1.jpg 2000w, https:\/\/www.strauch-lu.de\/agrar\/wp-content\/uploads\/sites\/2\/2018\/03\/firmenhistorie_lonbetrieb_strauch-1-300x114.jpg 300w, https:\/\/www.strauch-lu.de\/agrar\/wp-content\/uploads\/sites\/2\/2018\/03\/firmenhistorie_lonbetrieb_strauch-1-768x293.jpg 768w, https:\/\/www.strauch-lu.de\/agrar\/wp-content\/uploads\/sites\/2\/2018\/03\/firmenhistorie_lonbetrieb_strauch-1-1024x391.jpg 1024w\" sizes=\"(max-width: 2000px) 100vw, 2000px\" \/>\t\t\t\t\t<\/div>\n\t\t\t\t\t\t\t\t\t<\/div>\n\t\t\t<\/div>\n\t\t\t\t\t<\/li>\n\t\t\t\t<li class=\"sow-slider-image\" style=\"visibility: hidden;\" >\n\t\t\t\t\t\t<div class=\"sow-slider-image-container\">\n\t\t\t\t<div class=\"sow-slider-image-wrapper\" style=\"max-width: 2000px\">\n\t\t\t\t\t\t\t\t\t\t<div class=\"sow-slider-image-foreground-wrapper\">\n\t\t\t\t\t\t<img width=\"2000\" height=\"763\" src=\"https:\/\/www.strauch-lu.de\/agrar\/wp-content\/uploads\/sites\/2\/2018\/03\/geschichte_lohnunternehmen_strauch-1.jpg\" class=\"sow-slider-foreground-image skip-lazy\" alt=\"landwirtschaftlicher Transport Lohnunternehmen\" loading=\"eager\" style=\"\" srcset=\"https:\/\/www.strauch-lu.de\/agrar\/wp-content\/uploads\/sites\/2\/2018\/03\/geschichte_lohnunternehmen_strauch-1.jpg 2000w, https:\/\/www.strauch-lu.de\/agrar\/wp-content\/uploads\/sites\/2\/2018\/03\/geschichte_lohnunternehmen_strauch-1-300x114.jpg 300w, https:\/\/www.strauch-lu.de\/agrar\/wp-content\/uploads\/sites\/2\/2018\/03\/geschichte_lohnunternehmen_strauch-1-768x293.jpg 768w, https:\/\/www.strauch-lu.de\/agrar\/wp-content\/uploads\/sites\/2\/2018\/03\/geschichte_lohnunternehmen_strauch-1-1024x391.jpg 1024w\" sizes=\"(max-width: 2000px) 100vw, 2000px\" \/>\t\t\t\t\t<\/div>\n\t\t\t\t\t\t\t\t\t<\/div>\n\t\t\t<\/div>\n\t\t\t\t\t<\/li>\n\t\t\t\t<li class=\"sow-slider-image\" style=\"visibility: hidden;\" >\n\t\t\t\t\t\t<div class=\"sow-slider-image-container\">\n\t\t\t\t<div class=\"sow-slider-image-wrapper\" style=\"max-width: 2000px\">\n\t\t\t\t\t\t\t\t\t\t<div class=\"sow-slider-image-foreground-wrapper\">\n\t\t\t\t\t\t<img width=\"2000\" height=\"765\" src=\"https:\/\/www.strauch-lu.de\/agrar\/wp-content\/uploads\/sites\/2\/2018\/03\/firmengel\u00e4ande_2010.jpg\" class=\"sow-slider-foreground-image skip-lazy\" alt=\"Firmengel\u00e4nde 2010\" loading=\"eager\" style=\"\" srcset=\"https:\/\/www.strauch-lu.de\/agrar\/wp-content\/uploads\/sites\/2\/2018\/03\/firmengel\u00e4ande_2010.jpg 2000w, https:\/\/www.strauch-lu.de\/agrar\/wp-content\/uploads\/sites\/2\/2018\/03\/firmengel\u00e4ande_2010-300x115.jpg 300w, https:\/\/www.strauch-lu.de\/agrar\/wp-content\/uploads\/sites\/2\/2018\/03\/firmengel\u00e4ande_2010-768x294.jpg 768w, https:\/\/www.strauch-lu.de\/agrar\/wp-content\/uploads\/sites\/2\/2018\/03\/firmengel\u00e4ande_2010-1024x392.jpg 1024w\" sizes=\"(max-width: 2000px) 100vw, 2000px\" \/>\t\t\t\t\t<\/div>\n\t\t\t\t\t\t\t\t\t<\/div>\n\t\t\t<\/div>\n\t\t\t\t\t<\/li>\n\t\t<\/ul>\t\t\t\t<ol class=\"sow-slider-pagination\">\n\t\t\t\t\t\t\t\t\t\t\t<li><a href=\"#\" data-goto=\"0\" aria-label=\"display slide 1\"><\/a><\/li>\n\t\t\t\t\t\t\t\t\t\t\t<li><a href=\"#\" data-goto=\"1\" aria-label=\"display slide 2\"><\/a><\/li>\n\t\t\t\t\t\t\t\t\t\t\t<li><a href=\"#\" data-goto=\"2\" aria-label=\"display slide 3\"><\/a><\/li>\n\t\t\t\t\t\t\t\t\t\t\t<li><a href=\"#\" data-goto=\"3\" aria-label=\"display slide 4\"><\/a><\/li>\n\t\t\t\t\t\t\t\t\t<\/ol>\n\n\t\t\t\t<div class=\"sow-slide-nav sow-slide-nav-next\">\n\t\t\t\t\t<a href=\"#\" data-goto=\"next\" aria-label=\"next slide\" data-action=\"next\">\n\t\t\t\t\t\t<em class=\"sow-sld-icon-thin-right\"><\/em>\n\t\t\t\t\t<\/a>\n\t\t\t\t<\/div>\n\n\t\t\t\t<div class=\"sow-slide-nav sow-slide-nav-prev\">\n\t\t\t\t\t<a href=\"#\" data-goto=\"previous\" aria-label=\"previous slide\" data-action=\"prev\">\n\t\t\t\t\t\t<em class=\"sow-sld-icon-thin-left\"><\/em>\n\t\t\t\t\t<\/a>\n\t\t\t\t<\/div>\n\t\t\t\t<\/div><\/div><\/div><\/div><\/div><div id=\"pg-901-1\"  class=\"panel-grid panel-has-style\" ><div class=\"panel-row-style panel-row-style-for-901-1\" ><div id=\"pgc-901-1-0\"  class=\"panel-grid-cell\" ><div id=\"panel-901-1-0-0\" class=\"so-panel widget widget_text panel-first-child panel-last-child\" data-index=\"1\" ><h3 class=\"widget-title\">UNSERE FIRMENGESCHICHTE<\/h3>\t\t\t<div class=\"textwidget\"><div class=\"item\">\n<div class=\"details alignleft\">\n<p><strong>1992<\/strong><\/p>\n<p>\u00fcbernimmt Berthold Strauch das Lohnunternehmen Heinrich Bonnes und f\u00fchrt dieses bis heute unter dem Namen Agrar Service Strauch als Betriebsinhaber weiter.<\/p>\n<p><strong>1996<\/strong><\/p>\n<p>der neue Firmenstandort auf der Industriestra\u00dfe 10a in Isselburg wird errichtet und ist bis heute Sitz des Unternehmens.<\/p>\n<p><strong>29. Juni 2002 <\/strong><\/p>\n<p>Auszeichnung als &#8222;Anerkannter Fachbetrieb&#8220; durch den Bundesverband Lohnunternehmen e.V. als erster Betrieb in Nordrhein-Westfalen.<\/p>\n<p><strong>M\u00e4rz 2004<\/strong><\/p>\n<\/div>\n<\/div>\n<p>Gr\u00fcndung eines Futtertransportunternehmens um den Kundenservice zu erweitern.<\/p>\n<p><strong>Juni 2004<\/strong><\/p>\n<p>GMP-Zertifizierung des Transportunternehmens f\u00fcr den Stra\u00dfentransport von Futtermitteln durch die SGS-ICS Gesellschaft f\u00fcr Zertifizierungen m.b.H. und Umweltgutachter, Hamburg.<\/p>\n<p><strong>Oktober 2005<\/strong><br \/>\nErweiterung des Firmengel\u00e4ndes um ein Geb\u00e4ude und weitere Stellfl\u00e4chen zur Unterbringung der Maschinen und Ger\u00e4te.<\/p>\n<p><strong>2008<\/strong><\/p>\n<p>Michael Strauch legt die Pr\u00fcfung zum Fachagrarwirt erfolgreich ab.<\/p>\n<p><strong>Jahreswechsel 2008<\/strong><\/p>\n<p>Umwandlung des Lohnunternehmens in die Firma &#8222;Agrar Service Strauch GmbH&#8220; und Umbenennung des Transportunternehmen in &#8222;Strauch Agrar Logistik GmbH&#8220;.<\/p>\n<p><strong>2009<\/strong><\/p>\n<p>Kauf der Johannes Jansen GmbH &amp; Co. KG.<\/p>\n<p><strong>2012<\/strong><\/p>\n<p>20-j\u00e4hriges Firmenjubil\u00e4um des Lohnunternehmens Agrar Service Strauch.<\/p>\n<p><strong>2014<\/strong><\/p>\n<p>Erhalt des AMS-Zertifikates.<\/p>\n<p><strong>2016\u00a0<\/strong><\/p>\n<p>Er\u00f6ffnung der neuen Fl\u00fcssigd\u00fcngeranlage in Kalkar-Niederm\u00f6rmter.<\/p>\n<p><strong>2017<\/strong><\/p>\n<p>Gro\u00dfes Firmenjubil\u00e4um 25 Jahre Agrar Service Strauch.<\/p>\n<\/div>\n\t\t<\/div><\/div><\/div><\/div><div id=\"pg-901-2\"  class=\"panel-grid panel-has-style\" ><div class=\"panel-row-style panel-row-style-for-901-2\" ><div id=\"pgc-901-2-0\"  class=\"panel-grid-cell\" ><div id=\"panel-901-2-0-0\" class=\"so-panel widget widget_text panel-first-child panel-last-child\" data-index=\"2\" ><h3 class=\"widget-title\">UNSERE ZERTIFIZIERUNGEN<\/h3>\t\t\t<div class=\"textwidget\"><\/div>\n\t\t<\/div><\/div><\/div><\/div><div id=\"pg-901-3\"  class=\"panel-grid panel-has-style\" ><div class=\"panel-row-style panel-row-style-for-901-3\" ><div id=\"pgc-901-3-0\"  class=\"panel-grid-cell\" ><div id=\"panel-901-3-0-0\" class=\"so-panel widget widget_media_image panel-first-child\" data-index=\"3\" ><img width=\"800\" height=\"533\" src=\"https:\/\/www.strauch-lu.de\/agrar\/wp-content\/uploads\/sites\/2\/2018\/06\/logo_anerkannter_fachbetrieb.jpg\" class=\"image wp-image-1537  attachment-full size-full\" alt=\"anerkannter fachbetrieb\" loading=\"lazy\" style=\"max-width: 100%; height: auto;\" srcset=\"https:\/\/www.strauch-lu.de\/agrar\/wp-content\/uploads\/sites\/2\/2018\/06\/logo_anerkannter_fachbetrieb.jpg 800w, https:\/\/www.strauch-lu.de\/agrar\/wp-content\/uploads\/sites\/2\/2018\/06\/logo_anerkannter_fachbetrieb-300x200.jpg 300w, https:\/\/www.strauch-lu.de\/agrar\/wp-content\/uploads\/sites\/2\/2018\/06\/logo_anerkannter_fachbetrieb-768x512.jpg 768w, https:\/\/www.strauch-lu.de\/agrar\/wp-content\/uploads\/sites\/2\/2018\/06\/logo_anerkannter_fachbetrieb-272x182.jpg 272w\" sizes=\"(max-width: 800px) 100vw, 800px\" \/><\/div><div id=\"panel-901-3-0-1\" class=\"so-panel widget widget_text panel-last-child\" data-index=\"4\" ><h3 class=\"widget-title\">Anerkannter Fachbetrieb<\/h3>\t\t\t<div class=\"textwidget\"><p>Am 29. Juni 2002 wurde unserem Betrieb als erster in Nordrhein Westfalen die Auszeichnung &#8222;Anerkannter Fachbetrieb&#8220; durch den Bundesverband Lohnunternehmen verliehen.<\/p>\n<\/div>\n\t\t<\/div><\/div><div id=\"pgc-901-3-1\"  class=\"panel-grid-cell\" ><div id=\"panel-901-3-1-0\" class=\"so-panel widget widget_media_image panel-first-child\" data-index=\"5\" ><img width=\"800\" height=\"533\" src=\"https:\/\/www.strauch-lu.de\/agrar\/wp-content\/uploads\/sites\/2\/2018\/03\/gmp_plus_siegel.jpg\" class=\"image wp-image-1471  attachment-full size-full\" alt=\"zertifizierung gmp\" loading=\"lazy\" style=\"max-width: 100%; height: auto;\" srcset=\"https:\/\/www.strauch-lu.de\/agrar\/wp-content\/uploads\/sites\/2\/2018\/03\/gmp_plus_siegel.jpg 800w, https:\/\/www.strauch-lu.de\/agrar\/wp-content\/uploads\/sites\/2\/2018\/03\/gmp_plus_siegel-300x200.jpg 300w, https:\/\/www.strauch-lu.de\/agrar\/wp-content\/uploads\/sites\/2\/2018\/03\/gmp_plus_siegel-768x512.jpg 768w, https:\/\/www.strauch-lu.de\/agrar\/wp-content\/uploads\/sites\/2\/2018\/03\/gmp_plus_siegel-272x182.jpg 272w\" sizes=\"(max-width: 800px) 100vw, 800px\" \/><\/div><div id=\"panel-901-3-1-1\" class=\"so-panel widget widget_text panel-last-child\" data-index=\"6\" ><h3 class=\"widget-title\">GMP Zertifizierung<\/h3>\t\t\t<div class=\"textwidget\"><p>Unsere Futtermittel- und Rohwarentransporte sind nach GMP-Plus &#8211; B.4.1 f\u00fcr den Stra\u00dfentransport zertifiziert. Registrierungsnummer: 260707083, PDV112070 ausgestellt durch die Dekra Certification GmbH.<\/p>\n<\/div>\n\t\t<\/div><\/div><div id=\"pgc-901-3-2\"  class=\"panel-grid-cell\" ><div id=\"panel-901-3-2-0\" class=\"so-panel widget widget_media_image panel-first-child\" data-index=\"7\" ><img width=\"800\" height=\"533\" src=\"https:\/\/www.strauch-lu.de\/agrar\/wp-content\/uploads\/sites\/2\/2018\/03\/marketing_preis_lu-1.jpg\" class=\"image wp-image-1472  attachment-full size-full\" alt=\"marketing preis lu\" loading=\"lazy\" style=\"max-width: 100%; height: auto;\" srcset=\"https:\/\/www.strauch-lu.de\/agrar\/wp-content\/uploads\/sites\/2\/2018\/03\/marketing_preis_lu-1.jpg 800w, https:\/\/www.strauch-lu.de\/agrar\/wp-content\/uploads\/sites\/2\/2018\/03\/marketing_preis_lu-1-300x200.jpg 300w, https:\/\/www.strauch-lu.de\/agrar\/wp-content\/uploads\/sites\/2\/2018\/03\/marketing_preis_lu-1-768x512.jpg 768w, https:\/\/www.strauch-lu.de\/agrar\/wp-content\/uploads\/sites\/2\/2018\/03\/marketing_preis_lu-1-272x182.jpg 272w\" sizes=\"(max-width: 800px) 100vw, 800px\" \/><\/div><div id=\"panel-901-3-2-1\" class=\"so-panel widget widget_text panel-last-child\" data-index=\"8\" ><h3 class=\"widget-title\">Marketingpreis<\/h3>\t\t\t<div class=\"textwidget\"><p>Am 8. November 2009 wurde uns im feierlichen Rahmen der Agritechnica in Hannover der &#8222;Lohnunternehmen Marketing Preis 2009&#8220; verliehen. Diese Auszeichnung wurde von der Fachzeitschrift Lohnunternehmen und den Sponsoren JCB und Krone in diesem Jahr zum ersten Mal vergeben.<\/p>\n<\/div>\n\t\t<\/div><\/div><div id=\"pgc-901-3-3\"  class=\"panel-grid-cell\" ><div id=\"panel-901-3-3-0\" class=\"so-panel widget widget_media_image panel-first-child\" data-index=\"9\" ><img width=\"800\" height=\"533\" src=\"https:\/\/www.strauch-lu.de\/agrar\/wp-content\/uploads\/sites\/2\/2018\/03\/ams_zertifikat-1.jpg\" class=\"image wp-image-1474  attachment-full size-full\" alt=\"Arbeitsschutz-management-system\" loading=\"lazy\" style=\"max-width: 100%; height: auto;\" srcset=\"https:\/\/www.strauch-lu.de\/agrar\/wp-content\/uploads\/sites\/2\/2018\/03\/ams_zertifikat-1.jpg 800w, https:\/\/www.strauch-lu.de\/agrar\/wp-content\/uploads\/sites\/2\/2018\/03\/ams_zertifikat-1-300x200.jpg 300w, https:\/\/www.strauch-lu.de\/agrar\/wp-content\/uploads\/sites\/2\/2018\/03\/ams_zertifikat-1-768x512.jpg 768w, https:\/\/www.strauch-lu.de\/agrar\/wp-content\/uploads\/sites\/2\/2018\/03\/ams_zertifikat-1-272x182.jpg 272w\" sizes=\"(max-width: 800px) 100vw, 800px\" \/><\/div><div id=\"panel-901-3-3-1\" class=\"so-panel widget widget_text panel-last-child\" data-index=\"10\" ><h3 class=\"widget-title\">AMS Zertifizierung<\/h3>\t\t\t<div class=\"textwidget\"><p>Sicherheit und Arbeitsschutz sind f\u00fcr uns besonders wichtig, deshalb ist unser Betrieb seit 2014 nach SVLFG zertifiziert.<\/p>\n<\/div>\n\t\t<\/div><\/div><\/div><\/div><\/div>","protected":false},"excerpt":{"rendered":"<p>1992 \u00fcbernimmt Berthold Strauch das Lohnunternehmen Heinrich Bonnes und f\u00fchrt dieses bis heute unter dem Namen Agrar Service Strauch als Betriebsinhaber weiter. 1996 der neue Firmenstandort auf der Industriestra\u00dfe 10a in Isselburg wird errichtet und ist bis heute Sitz des &hellip; <a href=\"https:\/\/www.strauch-lu.de\/agrar\/ueber-uns\/\">Weiter<\/a><\/p>\n","protected":false},"author":1,"featured_media":0,"parent":0,"menu_order":8,"comment_status":"closed","ping_status":"closed","template":"page-fullwidth.php","meta":{"kt_blocks_editor_width":""},"yoast_head":"<!-- This site is optimized with the Yoast SEO plugin v20.2.1 - https:\/\/yoast.com\/wordpress\/plugins\/seo\/ -->\n<title>Firmengeschichte - Lohnunternehmen Agrar Service Strauch<\/title>\n<meta name=\"description\" content=\"Mit \u00fcber 25 Jahren ist der Agrar Service Strauch Ihr zuverl\u00e4ssiger und erfahrener Partner bei landwirtschaftlichen Lohnarbeiten, Erdbewegungen,...\" \/>\n<meta name=\"robots\" content=\"index, follow, max-snippet:-1, max-image-preview:large, max-video-preview:-1\" \/>\n<link rel=\"canonical\" href=\"https:\/\/www.strauch-lu.de\/agrar\/ueber-uns\/\" \/>\n<meta property=\"og:locale\" content=\"de_DE\" \/>\n<meta property=\"og:type\" content=\"article\" \/>\n<meta property=\"og:title\" content=\"Firmengeschichte - Lohnunternehmen Agrar Service Strauch\" \/>\n<meta property=\"og:description\" content=\"Mit \u00fcber 25 Jahren ist der Agrar Service Strauch Ihr zuverl\u00e4ssiger und erfahrener Partner bei landwirtschaftlichen Lohnarbeiten, Erdbewegungen,...\" \/>\n<meta property=\"og:url\" content=\"https:\/\/www.strauch-lu.de\/agrar\/ueber-uns\/\" \/>\n<meta property=\"og:site_name\" content=\"Lohnunternehmen Strauch\" \/>\n<meta property=\"article:modified_time\" content=\"2023-03-18T11:37:58+00:00\" \/>\n<meta name=\"twitter:card\" content=\"summary_large_image\" \/>\n<meta name=\"twitter:label1\" content=\"Gesch\u00e4tzte Lesezeit\" \/>\n\t<meta name=\"twitter:data1\" content=\"2\u00a0Minuten\" \/>\n<script type=\"application\/ld+json\" class=\"yoast-schema-graph\">{\"@context\":\"https:\/\/schema.org\",\"@graph\":[{\"@type\":\"WebPage\",\"@id\":\"https:\/\/www.strauch-lu.de\/agrar\/ueber-uns\/\",\"url\":\"https:\/\/www.strauch-lu.de\/agrar\/ueber-uns\/\",\"name\":\"Firmengeschichte - Lohnunternehmen Agrar Service Strauch\",\"isPartOf\":{\"@id\":\"https:\/\/www.strauch-lu.de\/agrar\/#website\"},\"datePublished\":\"2018-02-26T15:16:59+00:00\",\"dateModified\":\"2023-03-18T11:37:58+00:00\",\"description\":\"Mit \u00fcber 25 Jahren ist der Agrar Service Strauch Ihr zuverl\u00e4ssiger und erfahrener Partner bei landwirtschaftlichen Lohnarbeiten, Erdbewegungen,...\",\"breadcrumb\":{\"@id\":\"https:\/\/www.strauch-lu.de\/agrar\/ueber-uns\/#breadcrumb\"},\"inLanguage\":\"de\",\"potentialAction\":[{\"@type\":\"ReadAction\",\"target\":[\"https:\/\/www.strauch-lu.de\/agrar\/ueber-uns\/\"]}]},{\"@type\":\"BreadcrumbList\",\"@id\":\"https:\/\/www.strauch-lu.de\/agrar\/ueber-uns\/#breadcrumb\",\"itemListElement\":[{\"@type\":\"ListItem\",\"position\":1,\"name\":\"Startseite\",\"item\":\"https:\/\/www.strauch-lu.de\/agrar\/\"},{\"@type\":\"ListItem\",\"position\":2,\"name\":\"\u00dcber uns\"}]},{\"@type\":\"WebSite\",\"@id\":\"https:\/\/www.strauch-lu.de\/agrar\/#website\",\"url\":\"https:\/\/www.strauch-lu.de\/agrar\/\",\"name\":\"Lohnunternehmen Strauch\",\"description\":\"Ihr zuverl\u00e4ssiger landwirtschaftlicher Dienstleister \",\"potentialAction\":[{\"@type\":\"SearchAction\",\"target\":{\"@type\":\"EntryPoint\",\"urlTemplate\":\"https:\/\/www.strauch-lu.de\/agrar\/?s={search_term_string}\"},\"query-input\":\"required name=search_term_string\"}],\"inLanguage\":\"de\"}]}<\/script>\n<!-- \/ Yoast SEO plugin. -->","yoast_head_json":{"title":"Firmengeschichte - Lohnunternehmen Agrar Service Strauch","description":"Mit \u00fcber 25 Jahren ist der Agrar Service Strauch Ihr zuverl\u00e4ssiger und erfahrener Partner bei landwirtschaftlichen Lohnarbeiten, Erdbewegungen,...","robots":{"index":"index","follow":"follow","max-snippet":"max-snippet:-1","max-image-preview":"max-image-preview:large","max-video-preview":"max-video-preview:-1"},"canonical":"https:\/\/www.strauch-lu.de\/agrar\/ueber-uns\/","og_locale":"de_DE","og_type":"article","og_title":"Firmengeschichte - Lohnunternehmen Agrar Service Strauch","og_description":"Mit \u00fcber 25 Jahren ist der Agrar Service Strauch Ihr zuverl\u00e4ssiger und erfahrener Partner bei landwirtschaftlichen Lohnarbeiten, Erdbewegungen,...","og_url":"https:\/\/www.strauch-lu.de\/agrar\/ueber-uns\/","og_site_name":"Lohnunternehmen Strauch","article_modified_time":"2023-03-18T11:37:58+00:00","twitter_card":"summary_large_image","twitter_misc":{"Gesch\u00e4tzte Lesezeit":"2\u00a0Minuten"},"schema":{"@context":"https:\/\/schema.org","@graph":[{"@type":"WebPage","@id":"https:\/\/www.strauch-lu.de\/agrar\/ueber-uns\/","url":"https:\/\/www.strauch-lu.de\/agrar\/ueber-uns\/","name":"Firmengeschichte - Lohnunternehmen Agrar Service Strauch","isPartOf":{"@id":"https:\/\/www.strauch-lu.de\/agrar\/#website"},"datePublished":"2018-02-26T15:16:59+00:00","dateModified":"2023-03-18T11:37:58+00:00","description":"Mit \u00fcber 25 Jahren ist der Agrar Service Strauch Ihr zuverl\u00e4ssiger und erfahrener Partner bei landwirtschaftlichen Lohnarbeiten, Erdbewegungen,...","breadcrumb":{"@id":"https:\/\/www.strauch-lu.de\/agrar\/ueber-uns\/#breadcrumb"},"inLanguage":"de","potentialAction":[{"@type":"ReadAction","target":["https:\/\/www.strauch-lu.de\/agrar\/ueber-uns\/"]}]},{"@type":"BreadcrumbList","@id":"https:\/\/www.strauch-lu.de\/agrar\/ueber-uns\/#breadcrumb","itemListElement":[{"@type":"ListItem","position":1,"name":"Startseite","item":"https:\/\/www.strauch-lu.de\/agrar\/"},{"@type":"ListItem","position":2,"name":"\u00dcber uns"}]},{"@type":"WebSite","@id":"https:\/\/www.strauch-lu.de\/agrar\/#website","url":"https:\/\/www.strauch-lu.de\/agrar\/","name":"Lohnunternehmen Strauch","description":"Ihr zuverl\u00e4ssiger landwirtschaftlicher Dienstleister ","potentialAction":[{"@type":"SearchAction","target":{"@type":"EntryPoint","urlTemplate":"https:\/\/www.strauch-lu.de\/agrar\/?s={search_term_string}"},"query-input":"required name=search_term_string"}],"inLanguage":"de"}]}},"_links":{"self":[{"href":"https:\/\/www.strauch-lu.de\/agrar\/wp-json\/wp\/v2\/pages\/901"}],"collection":[{"href":"https:\/\/www.strauch-lu.de\/agrar\/wp-json\/wp\/v2\/pages"}],"about":[{"href":"https:\/\/www.strauch-lu.de\/agrar\/wp-json\/wp\/v2\/types\/page"}],"author":[{"embeddable":true,"href":"https:\/\/www.strauch-lu.de\/agrar\/wp-json\/wp\/v2\/users\/1"}],"replies":[{"embeddable":true,"href":"https:\/\/www.strauch-lu.de\/agrar\/wp-json\/wp\/v2\/comments?post=901"}],"version-history":[{"count":14,"href":"https:\/\/www.strauch-lu.de\/agrar\/wp-json\/wp\/v2\/pages\/901\/revisions"}],"predecessor-version":[{"id":2546,"href":"https:\/\/www.strauch-lu.de\/agrar\/wp-json\/wp\/v2\/pages\/901\/revisions\/2546"}],"wp:attachment":[{"href":"https:\/\/www.strauch-lu.de\/agrar\/wp-json\/wp\/v2\/media?parent=901"}],"curies":[{"name":"wp","href":"https:\/\/api.w.org\/{rel}","templated":true}]}}